{"id":674,"date":"2022-01-31T11:54:22","date_gmt":"2022-01-31T11:54:22","guid":{"rendered":"https:\/\/vidis-project.org\/?page_id=674"},"modified":"2022-04-04T15:22:40","modified_gmt":"2022-04-04T15:22:40","slug":"webiopatr2021-recordings","status":"publish","type":"page","link":"https:\/\/vidis-project.org\/index.php\/webiopatr2021-recordings\/","title":{"rendered":"WeBIOPATR2021 recordings"},"content":{"rendered":"<h1><strong>WeBIOPATR2021 Recordings<\/strong><\/h1>\n<p>Here you can find the recordings of keynote lectures, lectures and short poster presentations that were given at The 8th International WeBIOPATR WORKSHOP AND CONFERENCE, PARTICULATE MATTER: RESEARCH AND MANAGEMENT \u2013 WeBIOPATR2021, November 29th \u2013 December 1st, 2021. BELGRADE, SERBIA. Enjoy learning about the latest topics in air quality research and management!<\/p>\n<table>\n<tbody>\n<tr>\n<td><strong>\u00a0<\/strong><\/td>\n<td colspan=\"2\"><strong><em>Session 1: Indoor, ventilation, protection<\/em><\/strong><\/p>\n<p><strong><em>Chair: Milena Jova\u0161evi\u0107-Stojanovi\u0107<\/em><\/strong><\/td>\n<td><strong><em>\u00a0<\/em><\/strong><\/td>\n<td><strong><em>\u00a0<\/em><\/strong><\/td>\n<\/tr>\n<tr>\n<td><strong>1.\u00a0\u00a0\u00a0\u00a0\u00a0\u00a0 <\/strong><strong>\u00a0<\/strong><\/td>\n<td><strong>Lidia Morawska<\/strong><\/td>\n<td><strong><em>COVID-19, PARTICLES IN THE AIR AND VENTILATION<\/em><\/strong><strong><em>\u00a0<\/em><\/strong><\/td>\n<td><strong><em><a href=\"https:\/\/vidis-project.org\/index.php\/2022\/01\/31\/webiopatr2021-s01k01\/\">video<\/a><\/em><\/strong><\/td>\n<td><strong><em><a href=\"https:\/\/www.vin.bg.ac.rs\/webiopatr\/media\/WeBIOPATR2021_Book_of_Abstracts%20final.pdf#page=14\">pdf<\/a><\/em><\/strong><\/td>\n<\/tr>\n<tr>\n<td>2.<\/td>\n<td>Anton Gradi\u0161ek<\/td>\n<td><em>APPLYING AEROSOL SCIENCE TO THE CURRENT NEEDS: PARTICLE REMOVAL EFFICIENCY OF FACE MASKS DURING THE COVID-19 PANDEMIC\u00a0<\/em><\/td>\n<td><strong><em><a href=\"https:\/\/vidis-project.org\/index.php\/2022\/01\/31\/webiopatr2021-s01l02\/\">video<\/a><\/em><\/strong><\/td>\n<td><strong><em><a href=\"https:\/\/www.vin.bg.ac.rs\/webiopatr\/media\/WeBIOPATR2021_Book_of_Abstracts%20final.pdf#page=15\">pdf<\/a><\/em><\/strong><\/td>\n<\/tr>\n<tr>\n<td>3.<\/td>\n<td>Simon Smith<\/td>\n<td><em>PERSONAL PROTECTION AGAINST AIRBORNE PARTICULATE MATTER\u00a0<\/em><em>\u00a0<\/em><\/td>\n<td><strong><em><a href=\"https:\/\/vidis-project.org\/index.php\/2022\/01\/31\/webiopatr2021-s01l03\/\">video<\/a><\/em><\/strong><\/td>\n<td><strong><em><a href=\"https:\/\/www.vin.bg.ac.rs\/webiopatr\/media\/WeBIOPATR2021_Book_of_Abstracts%20final.pdf#page=16\">pdf<\/a><\/em><\/strong><\/td>\n<\/tr>\n<tr>\n<td>4.<\/td>\n<td>Oskars Kalva<\/td>\n<td><em>THE ROLE OF MICROCLIMATE IN THE FORMATION OF INDOOR AIR POLLUTION <\/em><\/td>\n<td><strong><em><a href=\"https:\/\/vidis-project.org\/index.php\/2022\/01\/31\/webiopatr2021-s01l04\/\">video<\/a><\/em><\/strong><\/td>\n<td><strong><em><a href=\"https:\/\/www.vin.bg.ac.rs\/webiopatr\/media\/WeBIOPATR2021_Book_of_Abstracts%20final.pdf#page=17\">pdf<\/a><\/em><\/strong><\/td>\n<\/tr>\n<\/tbody>\n<\/table>\n<p>&nbsp;<\/p>\n<table>\n<tbody>\n<tr>\n<td><strong>\u00a0<\/strong><\/td>\n<td colspan=\"2\"><strong><em>Session 2: Low-cost sensors<\/em><\/strong><\/p>\n<p><strong><em>Chair: Saverio de Vito<\/em><\/strong><\/td>\n<td><strong><em>\u00a0<\/em><\/strong><\/td>\n<td><strong><em>\u00a0<\/em><\/strong><\/td>\n<\/tr>\n<tr>\n<td><strong>1.\u00a0\u00a0\u00a0\u00a0\u00a0\u00a0 <\/strong><strong>\u00a0<\/strong><\/td>\n<td><strong>Saverio de Vito<\/strong><\/td>\n<td><strong><em>PM LOW COST SENSORS CALIBRATION IN THE WILD: METHODS AND INSIGHTS FROM AIRHERITAGE PROJECT<\/em><\/strong><em>\u00a0<\/em><\/td>\n<td><strong><em><a href=\"https:\/\/vidis-project.org\/index.php\/2022\/01\/31\/webiopatr2021-s02k01\/\">video<\/a><\/em><\/strong><\/td>\n<td><strong><em><a href=\"https:\/\/www.vin.bg.ac.rs\/webiopatr\/media\/WeBIOPATR2021_Book_of_Abstracts%20final.pdf#page=20\">pdf<\/a><\/em><\/strong><\/td>\n<\/tr>\n<tr>\n<td>2.<\/td>\n<td>Lidija Kesar<\/td>\n<td><em>SCHOOLS FOR BETTER AIR QUALITY: CITIZENS-BASED MONITORING, STEM EDUCATION, AND YOUTH ACTIVISM IN SERBIA\u00a0&#8211; UNICEF\u00a0IN\u00a0SERBIA<\/em><em>\u00a0<\/em><\/td>\n<td><strong><em><a href=\"https:\/\/vidis-project.org\/index.php\/2022\/01\/31\/webiopatr2021-s02l02\/\">video<\/a><\/em><\/strong><\/td>\n<td><strong><em><a href=\"https:\/\/www.vin.bg.ac.rs\/webiopatr\/media\/WeBIOPATR2021_Book_of_Abstracts%20final.pdf#page=21\">pdf<\/a><\/em><\/strong><\/td>\n<\/tr>\n<tr>\n<td>3.<\/td>\n<td>Nuria Castell<\/td>\n<td><em>ASSESSING AIR POLLUTION FROM WOOD BURNING USING LOW-COST SENSORS AND CITIZEN SCIENCE<\/em><em>\u00a0<\/em><\/td>\n<td><strong><em><a href=\"https:\/\/vidis-project.org\/index.php\/2022\/01\/31\/webiopatr2021-s02l03\/\">video<\/a><\/em><\/strong><\/td>\n<td><strong><em><a href=\"https:\/\/www.vin.bg.ac.rs\/webiopatr\/media\/WeBIOPATR2021_Book_of_Abstracts%20final.pdf#page=22\">pdf<\/a><\/em><\/strong><\/td>\n<\/tr>\n<tr>\n<td>4.<\/td>\n<td>Iveta Steinberga<\/td>\n<td><em>POTENTIAL FOR USING LOW-COST SENSOR MEASUREMENTS IN OUTDOOR ENVIRONMENTAL QUALITY PARTICULATE MATTER MEASUREMENTS\u00a0<\/em><em>\u00a0<\/em><\/td>\n<td><strong><em><a href=\"https:\/\/vidis-project.org\/index.php\/2022\/01\/31\/webiopatr2021-s02l04\/\">video<\/a><\/em><\/strong><\/td>\n<td><strong><em><a href=\"https:\/\/www.vin.bg.ac.rs\/webiopatr\/media\/WeBIOPATR2021_Book_of_Abstracts%20final.pdf#page=23\">pdf<\/a><\/em><\/strong><\/td>\n<\/tr>\n<\/tbody>\n<\/table>\n<p>&nbsp;<\/p>\n<table>\n<tbody>\n<tr>\n<td><strong>\u00a0<\/strong><\/td>\n<td colspan=\"2\"><strong><em>Session 3: Science-policy <\/em><\/strong><\/p>\n<p><strong><em>Chair: Branislava Mati<\/em><\/strong><strong><em>\u0107<\/em><\/strong><\/td>\n<td><strong><em>\u00a0<\/em><\/strong><\/td>\n<td><strong><em>\u00a0<\/em><\/strong><\/td>\n<\/tr>\n<tr>\n<td>1.<\/td>\n<td><strong>Alena Bartonova<\/strong><\/td>\n<td><strong><em>HOW TO UNDERSTAND INTERDISCIPLINARITY IN ENVIRONMENT AND CLIMATE RESEARCH: RESULTS FROM RECENT RESEARCH IN NORWAY\u00a0 <\/em><\/strong><\/td>\n<td><strong><em><a href=\"https:\/\/vidis-project.org\/index.php\/2022\/01\/31\/webiopatr2021-s03k01\/\">video<\/a><\/em><\/strong><\/td>\n<td><strong><em><a href=\"https:\/\/www.vin.bg.ac.rs\/webiopatr\/media\/WeBIOPATR2021_Book_of_Abstracts%20final.pdf#page=26\">pdf<\/a><\/em><\/strong><\/td>\n<\/tr>\n<tr>\n<td>2.<\/td>\n<td>Mirjana Peri\u0161i\u0107<\/td>\n<td><em>THE HYBRID COMPUTATIONAL APPROACH IN REVEALING PARTICULATE MATTER RELATED PROCESSES\u00a0<\/em><em>\u00a0<\/em><\/td>\n<td><strong><em><a href=\"https:\/\/vidis-project.org\/index.php\/2022\/01\/31\/webiopatr2021-s03l02\/\">video<\/a><\/em><\/strong><\/td>\n<td><strong><em><a href=\"https:\/\/www.vin.bg.ac.rs\/webiopatr\/media\/WeBIOPATR2021_Book_of_Abstracts%20final.pdf#page=27\">pdf<\/a><\/em><\/strong><\/td>\n<\/tr>\n<\/tbody>\n<\/table>\n<p>&nbsp;<\/p>\n<table>\n<tbody>\n<tr>\n<td><strong>\u00a0<\/strong><\/td>\n<td colspan=\"2\"><strong><em>Session 4 : Health and Exposure I <\/em><\/strong><\/p>\n<p><strong><em>Chair: Pierluigi Barbieri<\/em><\/strong><\/td>\n<td><strong><em>\u00a0<\/em><\/strong><\/td>\n<td><strong><em>\u00a0<\/em><\/strong><\/td>\n<\/tr>\n<tr>\n<td>1.<\/td>\n<td><strong>Zorana Jovanovi\u0107 Andersen<\/strong><\/td>\n<td><strong><em>LONG TERM EXPOSURE TO AIR POLLUTION AND MORTALITY: AN OVERVEW WITH FOCUS ON THE LOW-EXPOSURE AREAS<\/em><\/strong><em>\u00a0<\/em><\/td>\n<td><strong><em><a href=\"https:\/\/vidis-project.org\/index.php\/2022\/01\/31\/webiopatr2021-s04k01\/\">video<\/a><\/em><\/strong><\/td>\n<td><strong><em><a href=\"https:\/\/www.vin.bg.ac.rs\/webiopatr\/media\/WeBIOPATR2021_Book_of_Abstracts%20final.pdf#page=30\">pdf<\/a><\/em><\/strong><\/td>\n<\/tr>\n<tr>\n<td>2.<\/td>\n<td>Joana Soares<\/td>\n<td><em>HOW WILL 2021 WHO AIR QUALITY GUIDELINES IMPACT THE HEALTH IMPACT ASSESSMENT BY THE EUROPEAN ENVIRONMENT AGENCY<\/em><\/td>\n<td><strong><em><a href=\"https:\/\/vidis-project.org\/index.php\/2022\/01\/31\/webiopatr2021-s04l02\/\">video<\/a><\/em><\/strong><\/td>\n<td><strong><em><a href=\"https:\/\/www.vin.bg.ac.rs\/webiopatr\/media\/WeBIOPATR2021_Book_of_Abstracts%20final.pdf#page=31\">pdf<\/a><\/em><\/strong><\/td>\n<\/tr>\n<tr>\n<td>3.<\/td>\n<td>\u017deljko \u0106irovi\u0107<\/td>\n<td><em>HEALTH RISK ASSESSMENT OF PARTICULATE MATTER EMISSIONS FROM NATURAL GAS AND FUEL OIL HEATING PLANTS USING DISPERSION MODELLING\u00a0 <\/em><\/td>\n<td><strong><em><a href=\"https:\/\/vidis-project.org\/index.php\/2022\/01\/31\/webiopatr2021-s04l03\/\">video<\/a><\/em><\/strong><\/td>\n<td><strong><em><a href=\"https:\/\/www.vin.bg.ac.rs\/webiopatr\/media\/WeBIOPATR2021_Book_of_Abstracts%20final.pdf#page=32\">pdf<\/a><\/em><\/strong><\/td>\n<\/tr>\n<tr>\n<td>4.<\/td>\n<td>Rok Novak<\/td>\n<td><em>ASSESSMENT OF INCREASED INDIVIDUAL-LEVEL EXPOSURE TO AIRBORNE PARTICULATE MATTER DURING PERIODS OF ATMOSPHERIC THERMAL INVERSION<\/em><\/td>\n<td><strong><em><a href=\"https:\/\/vidis-project.org\/index.php\/2022\/01\/31\/webiopatr2021-s04l04\/\">video<\/a><\/em><\/strong><\/td>\n<td><strong><em><a href=\"https:\/\/www.vin.bg.ac.rs\/webiopatr\/media\/WeBIOPATR2021_Book_of_Abstracts%20final.pdf#page=33\">pdf<\/a><\/em><\/strong><\/td>\n<\/tr>\n<tr>\n<td>5.<\/td>\n<td>Maja Nikoli\u0107<\/td>\n<td><em>AIR POLLUTION AND THE GROWTH OF CHILDREN \u2013 IS THERE A CONNECTION?<\/em><\/td>\n<td><strong><em><a href=\"https:\/\/vidis-project.org\/index.php\/2022\/01\/31\/webiopatr2021-s04l05\/\">video<\/a><\/em><\/strong><\/td>\n<td><strong><em><a href=\"https:\/\/www.vin.bg.ac.rs\/webiopatr\/media\/WeBIOPATR2021_Book_of_Abstracts%20final.pdf#page=34\">pdf<\/a><\/em><\/strong><\/td>\n<\/tr>\n<\/tbody>\n<\/table>\n<p>&nbsp;<\/p>\n<table>\n<tbody>\n<tr>\n<td><strong>\u00a0<\/strong><\/td>\n<td colspan=\"2\"><strong><em>Session 5: Health and Exposure II<\/em><\/strong><\/p>\n<p><strong><em>Chair: Zorana Jovanovi\u0107-Andersen <\/em><\/strong><\/td>\n<td><strong><em>\u00a0<\/em><\/strong><\/td>\n<td><strong><em>\u00a0<\/em><\/strong><\/td>\n<\/tr>\n<tr>\n<td><strong>1.\u00a0\u00a0\u00a0\u00a0\u00a0\u00a0 <\/strong><strong>\u00a0<\/strong><\/td>\n<td><strong>Simone Morais<\/strong><\/td>\n<td><strong><em>BIOMARKERS OF EXPOSURE TO PARTICULATE MATTER AIR POLLUTANTS: A PRECIOUS TOOL FOR STUDYING HEALTH-RELATED EFFECTS<\/em><\/strong><em>\u00a0<\/em><\/td>\n<td><strong><em>\/<\/em><\/strong><\/td>\n<td><strong><em><a href=\"https:\/\/www.vin.bg.ac.rs\/webiopatr\/media\/WeBIOPATR2021_Book_of_Abstracts%20final.pdf#page=36\">pdf<\/a><\/em><\/strong><\/td>\n<\/tr>\n<tr>\n<td>2.<\/td>\n<td><strong>Pierluigi Barbieri<\/strong><\/td>\n<td><strong><em>EXPERIMENTAL APPROACHES FOR STUDYING VIRAL INFECTIVITY, RNA PRESENCE AND STABILITY IN ENVIRONMENTAL PM: DEDICATED SAMPLING, BIOSENSORS, AND ADAPTATION OF STANDARD TECHNIQUES<\/em><\/strong><em>\u00a0<\/em><\/td>\n<td><strong><em><a href=\"https:\/\/vidis-project.org\/index.php\/2022\/01\/31\/webiopatr2021-s05l02\/\">video<\/a><\/em><\/strong><\/td>\n<td><strong><em><a href=\"https:\/\/www.vin.bg.ac.rs\/webiopatr\/media\/WeBIOPATR2021_Book_of_Abstracts%20final.pdf#page=37\">pdf<\/a><\/em><\/strong><\/td>\n<\/tr>\n<tr>\n<td>3.<\/td>\n<td><a href=\"mailto:slezakok@fe.up.pt\">Klara Slezakova<\/a><\/td>\n<td><em>EXPOSURE TO PARTICULATE MATTER IN FIRE STATIONS:\u00a0 PRELIMINARY RESULTS\u00a0\u00a0 <\/em><\/td>\n<td><strong><em><a href=\"https:\/\/vidis-project.org\/index.php\/2022\/01\/31\/webiopatr2021-s05l03\/\">video<\/a><\/em><\/strong><\/td>\n<td><strong><em><a href=\"https:\/\/www.vin.bg.ac.rs\/webiopatr\/media\/WeBIOPATR2021_Book_of_Abstracts%20final.pdf#page=38\">pdf<\/a><\/em><\/strong><\/td>\n<\/tr>\n<tr>\n<td>4.<\/td>\n<td>Slobodan Ni\u010dkovi\u0107<\/td>\n<td><em>A NUMERICAL MODEL FOR POLLEN PREDICTION: THUNDERSTORM ASTHMA CASE STUDY<\/em><\/td>\n<td><strong><em><a href=\"https:\/\/vidis-project.org\/index.php\/2022\/01\/31\/webiopatr2021-s05l04\/\">video<\/a><\/em><\/strong><\/td>\n<td><strong><em><a href=\"https:\/\/www.vin.bg.ac.rs\/webiopatr\/media\/WeBIOPATR2021_Book_of_Abstracts%20final.pdf#page=39\">pdf<\/a><\/em><\/strong><\/td>\n<\/tr>\n<\/tbody>\n<\/table>\n<p>&nbsp;<\/p>\n<table>\n<tbody>\n<tr>\n<td><strong>\u00a0<\/strong><\/td>\n<td colspan=\"2\"><strong><em>Session 6: PM monitoring and modelling I<\/em><\/strong><\/p>\n<p><strong><em>Chair: Simone Morais <\/em><\/strong><\/td>\n<td><strong><em>\u00a0<\/em><\/strong><\/td>\n<td><strong><em>\u00a0<\/em><\/strong><\/td>\n<\/tr>\n<tr>\n<td><strong>1.\u00a0\u00a0\u00a0\u00a0\u00a0\u00a0 <\/strong><strong>\u00a0<\/strong><\/td>\n<td><strong>Kjetil T\u00f8rseth<\/strong><\/td>\n<td><strong><em>INTRODUCTION TO TRANSBOUNDARY PARTICULATE MATTER IN EUROPE\u00a0\u00a0 <\/em><\/strong><\/td>\n<td><strong><em><a href=\"https:\/\/vidis-project.org\/index.php\/2022\/01\/31\/webiopatr2021-s06k01\/\">video<\/a><\/em><\/strong><\/td>\n<td><strong><em><a href=\"https:\/\/www.vin.bg.ac.rs\/webiopatr\/media\/WeBIOPATR2021_Book_of_Abstracts%20final.pdf#page=42\">pdf<\/a><\/em><\/strong><\/td>\n<\/tr>\n<tr>\n<td>2.<\/td>\n<td>Kerstin Stebel<\/td>\n<td><em>SAMIRA-SATELLITE BASED MONITORING INITIATIVE FOR REGIONAL\u00a0<\/em><em>AIR QUALITY<\/em><em>\u00a0\u2013 LESSONS LEARNED AND PLANS<\/em><em>\u00a0<\/em><\/td>\n<td><strong><em><a href=\"https:\/\/vidis-project.org\/index.php\/2022\/01\/31\/webiopatr2021-s06l02\/\">video<\/a><\/em><\/strong><\/td>\n<td><strong><em><a href=\"https:\/\/www.vin.bg.ac.rs\/webiopatr\/media\/WeBIOPATR2021_Book_of_Abstracts%20final.pdf#page=43\">pdf<\/a><\/em><\/strong><\/td>\n<\/tr>\n<tr>\n<td>3.<\/td>\n<td>Bojan Radovi\u0107<\/td>\n<td><em>CHEMICAL COMPOSITION OF PM PARTICLES INSIDE THE LABORATORY AND IN THE AMBIENT AIR NEAR THE COPPER SMELTER IN BOR, SERBIA<\/em><em>\u00a0<\/em><\/td>\n<td><strong><em><a href=\"https:\/\/vidis-project.org\/index.php\/2022\/01\/31\/webiopatr2021-s06l03\/\">video<\/a><\/em><\/strong><\/td>\n<td><strong><em><a href=\"https:\/\/www.vin.bg.ac.rs\/webiopatr\/media\/WeBIOPATR2021_Book_of_Abstracts%20final.pdf#page=44\">pdf<\/a><\/em><\/strong><\/td>\n<\/tr>\n<tr>\n<td>4.<\/td>\n<td>Milo\u0161 Davidovi\u0107<\/td>\n<td><em>PLANNING AND CONDUCTING MOBILE AEROSOL MONITORING CAMPAIGN: EXPERIENCES FROM BELGRADE AND NOVI SAD<\/em><\/td>\n<td><strong><em><a href=\"https:\/\/vidis-project.org\/index.php\/2022\/01\/31\/webiopatr2021-s06l04\/\">video<\/a><\/em><\/strong><\/td>\n<td><strong><em><a href=\"https:\/\/www.vin.bg.ac.rs\/webiopatr\/media\/WeBIOPATR2021_Book_of_Abstracts%20final.pdf#page=45\">pdf<\/a><\/em><\/strong><\/td>\n<\/tr>\n<tr>\n<td>5.<\/td>\n<td>Miljan \u0160unjevi\u010d<\/td>\n<td><em>ASSESSMENT OF DETECTED IN SITU AND MODELED PM CONCENTRATION LEVELS DURING URBAN TRANSFORMATION PROCESS IN NOVI SAD, SERBIA<\/em><em>\u00a0<\/em><\/td>\n<td><strong><em><a href=\"https:\/\/vidis-project.org\/index.php\/2022\/01\/31\/webiopatr2021-s06l05\/\">video<\/a><\/em><\/strong><\/td>\n<td><strong><em><a href=\"https:\/\/www.vin.bg.ac.rs\/webiopatr\/media\/WeBIOPATR2021_Book_of_Abstracts%20final.pdf#page=46\">pdf<\/a><\/em><\/strong><\/td>\n<\/tr>\n<\/tbody>\n<\/table>\n<p>&nbsp;<\/p>\n<table>\n<tbody>\n<tr>\n<td><strong>\u00a0<\/strong><\/td>\n<td colspan=\"2\"><strong><em>Session 7: PM monitoring and modelling II<\/em><\/strong><\/p>\n<p><strong><em>Chair: Vi\u0161a Tasi\u0107<\/em><\/strong><\/td>\n<td><strong><em>\u00a0<\/em><\/strong><\/td>\n<td><strong><em>\u00a0<\/em><\/strong><\/td>\n<\/tr>\n<tr>\n<td>1.<\/td>\n<td>Idit Belachsen<\/td>\n<td><em>ACCOUNTING FOR SPATIOTEMPORAL INFORMATION IMPROVES THE IMPUTATION OF MISSING PM2.5 MONITORING RECORDS\u00a0 <\/em><\/td>\n<td><strong><em><a href=\"https:\/\/vidis-project.org\/index.php\/2022\/01\/31\/webiopatr2021-s07l01\/\">video<\/a><\/em><\/strong><\/td>\n<td><strong><em><a href=\"https:\/\/www.vin.bg.ac.rs\/webiopatr\/media\/WeBIOPATR2021_Book_of_Abstracts%20final.pdf#page=48\">pdf<\/a><\/em><\/strong><\/td>\n<\/tr>\n<tr>\n<td>2.<\/td>\n<td>Arngr\u00edmur Thorlacius<\/td>\n<td><em>A METHOD FOR TRACING THE SOURCES OF AIR-BORNE DUST USING SOURCE-SIMULATION AND MULTIVARIATE PLS MODELLING OF CHEMICAL ANALYTICAL DATA\u00a0 <\/em><\/td>\n<td><strong><em><a href=\"https:\/\/vidis-project.org\/index.php\/2022\/01\/31\/webiopatr2021-s07l02\/\">video<\/a><\/em><\/strong><\/td>\n<td><strong><em><a href=\"https:\/\/www.vin.bg.ac.rs\/webiopatr\/media\/WeBIOPATR2021_Book_of_Abstracts%20final.pdf#page=49\">pdf<\/a><\/em><\/strong><\/td>\n<\/tr>\n<tr>\n<td>3.<\/td>\n<td>Jasmina Kne\u017eevi\u0107<\/td>\n<td><em>SEASONAL VARIATION IN AMBIENT PM10 CONCENTRATIONS OVER THE NOVI SAD AGLOMERATION\u00a0<\/em><\/td>\n<td><strong><em><a href=\"https:\/\/vidis-project.org\/index.php\/2022\/01\/31\/webiopatr2021-s07l03\/\">video<\/a><\/em><\/strong><\/td>\n<td><strong><em><a href=\"https:\/\/www.vin.bg.ac.rs\/webiopatr\/media\/WeBIOPATR2021_Book_of_Abstracts%20final.pdf#page=50\">pdf<\/a><\/em><\/strong><\/td>\n<\/tr>\n<tr>\n<td>4.<\/td>\n<td>Milena Jova\u0161evi\u0107-Stojanovi\u0107<\/td>\n<td><em>AN OVERVIEW OF\u00a0 RESEARCH AND MONITORING OF ATMOSPHERIC AEROSOLS\u00a0 IN SERBIA IN THE PAST HALF-DECADE\u00a0 <\/em><\/td>\n<td><em>\/<\/em><\/td>\n<td><strong><em><a href=\"https:\/\/www.vin.bg.ac.rs\/webiopatr\/media\/WeBIOPATR2021_Book_of_Abstracts%20final.pdf#page=51\">pdf<\/a><\/em><\/strong><\/td>\n<\/tr>\n<\/tbody>\n<\/table>\n<p>&nbsp;<\/p>\n<table>\n<tbody>\n<tr>\n<td><strong>\u00a0<\/strong><\/td>\n<td colspan=\"2\"><strong><em>Session 8 : Oxidative stress <\/em><\/strong><\/p>\n<p><strong><em>Chair: Alena Bartonova <\/em><\/strong><\/td>\n<td><strong><em>\u00a0<\/em><\/strong><\/td>\n<td><strong><em>\u00a0<\/em><\/strong><\/td>\n<\/tr>\n<tr>\n<td><strong>1.\u00a0\u00a0\u00a0\u00a0\u00a0\u00a0 <\/strong><strong>\u00a0<\/strong><\/td>\n<td><strong>Zoran Ristovski<\/strong><\/td>\n<td><strong><em>REAL TIME REACITVE OXIDATIVE MEASUREMENTS IN CHINESE MEGA CITIES\u00a0<\/em><\/strong><em>\u00a0<\/em><\/td>\n<td><a href=\"https:\/\/vidis-project.org\/index.php\/2022\/01\/31\/webiopatr2021-s08k01\/\"><strong><em>video<\/em><\/strong><\/a><\/td>\n<td><a href=\"https:\/\/www.vin.bg.ac.rs\/webiopatr\/media\/WeBIOPATR2021_Book_of_Abstracts%20final.pdf#page=54\"><strong><em>pdf<\/em><\/strong><\/a><\/td>\n<\/tr>\n<tr>\n<td>2.<\/td>\n<td>Svetlana Stevanovi\u0107<\/td>\n<td><em>SOURCE APPORTIONMENT OF OXIDATIVE POTENTIAL- WHAT WE KNOW SO FAR<\/em><\/td>\n<td><a href=\"https:\/\/vidis-project.org\/index.php\/2022\/01\/31\/webiopatr2021-s08l02\/\"><strong><em>video<\/em><\/strong><\/a><\/td>\n<td><a href=\"https:\/\/www.vin.bg.ac.rs\/webiopatr\/media\/WeBIOPATR2021_Book_of_Abstracts%20final.pdf#page=55\"><strong><em>pdf<\/em><\/strong><\/a><\/td>\n<\/tr>\n<tr>\n<td>3.<\/td>\n<td>Zoran Miji\u0107<\/td>\n<td><em>A STUDY ON TROPOSPHERIC AEROSOLS CHANGE DURING THE COVID-19 LOCK-DOWN PERIOD: EXPERIENCE FROM EARLINET MEASUREMENT CAMPAIGN\u00a0<\/em><em>\u00a0<\/em><\/td>\n<td><a href=\"https:\/\/vidis-project.org\/index.php\/2022\/01\/31\/webiopatr2021-s08l03\/\"><strong><em>video<\/em><\/strong><\/a><\/td>\n<td><a href=\"https:\/\/www.vin.bg.ac.rs\/webiopatr\/media\/WeBIOPATR2021_Book_of_Abstracts%20final.pdf#page=56\"><strong><em>pdf<\/em><\/strong><\/a><\/td>\n<\/tr>\n<tr>\n<td>4.<\/td>\n<td>Sonja Dmitra\u0161inovi\u0107<\/td>\n<td><em>TRAFFIC INTENSITY AND AIR POLLUTION BEFORE AND DURING LOCKDOWN IN NOVI SAD, SERBIA<\/em><em>\u00a0<\/em><\/td>\n<td><a href=\"https:\/\/vidis-project.org\/index.php\/2022\/01\/31\/webiopatr2021-s08l04\/\"><strong><em>video<\/em><\/strong><\/a><\/td>\n<td><strong><em><a href=\"https:\/\/www.vin.bg.ac.rs\/webiopatr\/media\/WeBIOPATR2021_Book_of_Abstracts%20final.pdf#page=57\">pdf<\/a><\/em><\/strong><\/td>\n<\/tr>\n<\/tbody>\n<\/table>\n<p>&nbsp;<\/p>\n<table>\n<tbody>\n<tr>\n<td><strong>\u00a0<\/strong><\/td>\n<td colspan=\"2\"><strong><em>Session 9 : Aerosol characterization I <\/em><\/strong><\/p>\n<p><strong><em>Chair: Zoran Miji\u0107<\/em><\/strong><\/td>\n<td><strong><em>\u00a0<\/em><\/strong><\/td>\n<td><strong><em>\u00a0<\/em><\/strong><\/td>\n<\/tr>\n<tr>\n<td><strong>1.\u00a0\u00a0\u00a0\u00a0\u00a0\u00a0 <\/strong><strong>\u00a0<\/strong><\/td>\n<td><strong>Gri\u0161a Mo\u0107nik<\/strong><\/td>\n<td><strong><em>MEASURING AEROSOL ABSORPTION\u00a0\u2013\u00a0THE ADVANTAGE OF\u00a0DIRECT\u00a0OVER OTHER\u00a0METHODS, AND MULTI-WAVELENGTH CALIBRATION<\/em><\/strong><strong><em>\u00a0<\/em><\/strong><\/td>\n<td>\/<\/td>\n<td><a href=\"https:\/\/www.vin.bg.ac.rs\/webiopatr\/media\/WeBIOPATR2021_Book_of_Abstracts%20final.pdf#page=60\"><strong><em>pdf<\/em><\/strong><\/a><\/td>\n<\/tr>\n<tr>\n<td>2.<\/td>\n<td>Martin Rigler<\/td>\n<td><em>APPORTIONMENT OF PRIMARY AND SECONDARY CARBONACEOUS AEROSOLS USING AN ADVANCED TOTAL CARBON\u2013BLACK CARBON <\/em><em>(TC-BC<\/em><em><sub>7-<\/sub><\/em><em><sub>\u03bb<\/sub><\/em><em>)\u00a0<\/em><em> METHOD<\/em><em>\u00a0<\/em><\/td>\n<td><a href=\"https:\/\/vidis-project.org\/index.php\/2022\/01\/31\/webiopatr2021-s09l02\/\"><strong><em>video<\/em><\/strong><\/a><\/td>\n<td><a href=\"https:\/\/www.vin.bg.ac.rs\/webiopatr\/media\/WeBIOPATR2021_Book_of_Abstracts%20final.pdf#page=61\"><strong><em>pdf<\/em><\/strong><\/a><\/td>\n<\/tr>\n<tr>\n<td>3.<\/td>\n<td>Dejan Mirakovski<\/td>\n<td><em>VARIATION OF BLACK CARBON CONCENTRATION IN COLD AND WARM SEASONS IN SKOPJE URBAN AREA<\/em><\/td>\n<td><a href=\"https:\/\/vidis-project.org\/index.php\/2022\/01\/31\/webiopatr2021-s09l03\/\"><strong><em>video<\/em><\/strong><\/a><\/td>\n<td><a href=\"https:\/\/www.vin.bg.ac.rs\/webiopatr\/media\/WeBIOPATR2021_Book_of_Abstracts%20final.pdf#page=62\"><strong><em>pdf<\/em><\/strong><\/a><\/td>\n<\/tr>\n<\/tbody>\n<\/table>\n<p>&nbsp;<\/p>\n<table>\n<tbody>\n<tr>\n<td><strong>\u00a0<\/strong><\/td>\n<td colspan=\"2\"><strong><em>Session 10: Aerosol characterization II<\/em><\/strong><\/p>\n<p><strong><em>Chair: Antonije Onjia<\/em><\/strong><\/td>\n<td><strong><em>\u00a0<\/em><\/strong><\/td>\n<td><strong><em>\u00a0<\/em><\/strong><\/td>\n<\/tr>\n<tr>\n<td>1.<\/td>\n<td>Iustinian Gabriel\u00a0 Bejan<\/td>\n<td><em>SECONDARY ORGANIC AEROSOL FORMATION FROM DIRECT PHOTOLYSIS AND OH RADICAL REACTION OF NITROAROMATICS <\/em><\/td>\n<td>\/<\/td>\n<td><a href=\"https:\/\/www.vin.bg.ac.rs\/webiopatr\/media\/WeBIOPATR2021_Book_of_Abstracts%20final.pdf#page=64\"><strong><em>pdf<\/em><\/strong><\/a><\/td>\n<\/tr>\n<tr>\n<td>2.<\/td>\n<td>Aleksandra Kani\u0161\u010deva<\/td>\n<td><em>EMERGING POLLUTANTS IN ATMOSPHERIC AEROSOLS IN LATVIA: PRESENT SITUATION OVERVIEW<\/em><\/td>\n<td><a href=\"https:\/\/vidis-project.org\/index.php\/2022\/01\/31\/webiopatr2021-s10l02\/\"><strong><em>video<\/em><\/strong><\/a><\/td>\n<td><a href=\"https:\/\/www.vin.bg.ac.rs\/webiopatr\/media\/WeBIOPATR2021_Book_of_Abstracts%20final.pdf#page=65\"><strong><em>pdf<\/em><\/strong><\/a><\/td>\n<\/tr>\n<tr>\n<td>3.<\/td>\n<td>Hatice Karadeniz<\/td>\n<td><em>CHEMICAL COMPOSITION AND SOURCE APPORTIONMENT OF PM2.5 AT A SUBURBAN SITE IN THE NORTHWESTERN PART OF TURKEY<\/em><\/td>\n<td><a href=\"https:\/\/vidis-project.org\/index.php\/2022\/01\/31\/webiopatr2021-s10l03\/\"><strong><em>video<\/em><\/strong><\/a><\/td>\n<td><a href=\"https:\/\/www.vin.bg.ac.rs\/webiopatr\/media\/WeBIOPATR2021_Book_of_Abstracts%20final.pdf#page=66\"><strong><em>pdf<\/em><\/strong><\/a><\/td>\n<\/tr>\n<tr>\n<td>4.<\/td>\n<td>Andreja Stoji\u0107<\/td>\n<td><em>KEY FACTORS GOVERNING PARTICULATE MATTER ENVIRONMENTAL FATE IN AN URBAN ENVIRONMENT \u00a0<\/em><\/td>\n<td><a href=\"https:\/\/vidis-project.org\/index.php\/2022\/01\/31\/webiopatr2021-s10l04\/\"><strong><em>video<\/em><\/strong><\/a><\/td>\n<td><a href=\"https:\/\/www.vin.bg.ac.rs\/webiopatr\/media\/WeBIOPATR2021_Book_of_Abstracts%20final.pdf#page=67\"><strong><em>pdf<\/em><\/strong><\/a><\/td>\n<\/tr>\n<tr>\n<td>5.<\/td>\n<td>Sebastian Schmitt<\/td>\n<td><em>HARMONIZATION OF UFP MEASUREMENTS: A NOVEL SOLUTION FOR FULL MICROPHYSICAL CHARACTERIZATION OF AEROSOLS<\/em><\/td>\n<td><a href=\"https:\/\/vidis-project.org\/index.php\/2022\/01\/31\/webiopatr2021-s10l05\/\"><strong><em>video<\/em><\/strong><\/a><\/td>\n<td><a href=\"https:\/\/www.vin.bg.ac.rs\/webiopatr\/media\/WeBIOPATR2021_Book_of_Abstracts%20final.pdf#page=68\"><strong><em>pdf<\/em><\/strong><\/a><\/td>\n<\/tr>\n<\/tbody>\n<\/table>\n<p>&nbsp;<\/p>\n<table>\n<tbody>\n<tr>\n<td width=\"60\"><strong>\u00a0<\/strong><\/td>\n<td colspan=\"2\" width=\"486\"><strong><em>Poster Session<\/em><\/strong><\/p>\n<p><strong><em>Chair: Milo\u0161 Davidovi\u0107 <\/em><\/strong><\/td>\n<td width=\"45\"><strong><em>\u00a0<\/em><\/strong><\/td>\n<td width=\"33\"><strong><em>\u00a0<\/em><\/strong><\/td>\n<\/tr>\n<tr>\n<td width=\"60\">1.<\/td>\n<td width=\"135\">Aleksandra\u00a0\u00a0Stankovi\u0107<\/td>\n<td width=\"351\"><em>EFFECTS OF BIOMASS FUEL SMOKE ON MATERNAL HEALTH AND PREGNANCY OUTCOMES<\/em><\/td>\n<td width=\"45\"><em><a href=\"https:\/\/vidis-project.org\/index.php\/2022\/01\/31\/webiopatr2021-pos01\/\">video<\/a><\/em><\/td>\n<td width=\"33\"><em><a href=\"https:\/\/www.vin.bg.ac.rs\/webiopatr\/media\/WeBIOPATR2021_Book_of_Abstracts%20final.pdf#page=70\">pdf<\/a><\/em><\/td>\n<\/tr>\n<tr>\n<td width=\"60\">2.<\/td>\n<td width=\"135\">Du\u0161an Todorovi\u0107<\/td>\n<td width=\"351\"><em>EFFECT OF SUBSTITUTION OF OLD COAL BOILERS WITH NEW BIOMASS BOILERS ON THE CONCENTRATION OF PARTICULATE MATTER IN AMBIENT AIR: A CASE STUDY MIONICA<\/em><\/td>\n<td width=\"45\"><em><a href=\"https:\/\/vidis-project.org\/index.php\/2022\/01\/31\/webiopatr2021-pos02\/\">video<\/a><\/em><\/td>\n<td width=\"33\"><em><a href=\"https:\/\/www.vin.bg.ac.rs\/webiopatr\/media\/WeBIOPATR2021_Book_of_Abstracts%20final.pdf#page=71\">pdf<\/a><\/em><\/td>\n<\/tr>\n<tr>\n<td width=\"60\">3.<\/td>\n<td width=\"135\">Vi\u0161a Tasi\u0107<\/td>\n<td width=\"351\"><em>CIVIC AIR QUALITY MONITORING AS AN ALTERNATIVE AND SUPPLEMENT TO THE STATE AIR QUALITY MONITORING NETWORK\u00a0<\/em><\/td>\n<td width=\"45\"><em><a href=\"https:\/\/vidis-project.org\/index.php\/2022\/01\/31\/webiopatr2021-pos03\/\">video<\/a><\/em><\/td>\n<td width=\"33\"><em><a href=\"https:\/\/www.vin.bg.ac.rs\/webiopatr\/media\/WeBIOPATR2021_Book_of_Abstracts%20final.pdf#page=72\">pdf<\/a><\/em><\/td>\n<\/tr>\n<tr>\n<td width=\"60\">4.<\/td>\n<td width=\"135\">Nikola Karli\u010di\u0107<\/td>\n<td width=\"351\"><em>PM EMISSIONS FROM NEWLY BUILT WOOD CHIPS COMBUSTION PLANTS: CASE STUDY SERBIA<\/em><\/td>\n<td width=\"45\"><em><a href=\"https:\/\/vidis-project.org\/index.php\/2022\/01\/31\/webiopatr2021-pos04\/\">video<\/a><\/em><\/td>\n<td width=\"33\"><em><a href=\"https:\/\/www.vin.bg.ac.rs\/webiopatr\/media\/WeBIOPATR2021_Book_of_Abstracts%20final.pdf#page=73\">pdf<\/a><\/em><\/td>\n<\/tr>\n<tr>\n<td width=\"60\">5.<\/td>\n<td width=\"135\">Maja Nikoli\u0107<\/td>\n<td width=\"351\"><em>AIR POLLUTION AND TRAFFIC ACCIDENTS \u2013 IS THERE A CONNECTION?\u00a0\u00a0<\/em><\/td>\n<td width=\"45\"><em><a href=\"https:\/\/vidis-project.org\/index.php\/2022\/01\/31\/webiopatr2021-pos05\/\">video<\/a><\/em><\/td>\n<td width=\"33\"><em><a href=\"https:\/\/www.vin.bg.ac.rs\/webiopatr\/media\/WeBIOPATR2021_Book_of_Abstracts%20final.pdf#page=74\">pdf<\/a><\/em><\/td>\n<\/tr>\n<tr>\n<td width=\"60\">6.<\/td>\n<td width=\"135\">Mirjana\u00a0\u0106uji\u0107<\/td>\n<td width=\"351\"><em>ASSESSMENT OF THE BURDEN OF DISEASE DUE TO PM2.5 AIR POLLUTION FOR THE BELGRADE DISTRICT\u00a0 <\/em><\/td>\n<td width=\"45\"><em><a href=\"https:\/\/vidis-project.org\/index.php\/2022\/01\/31\/webiopatr2021-pos06\/\">video<\/a><\/em><\/td>\n<td width=\"33\"><em><a href=\"https:\/\/www.vin.bg.ac.rs\/webiopatr\/media\/WeBIOPATR2021_Book_of_Abstracts%20final.pdf#page=75\">pdf<\/a><\/em><\/td>\n<\/tr>\n<tr>\n<td width=\"60\">7.<\/td>\n<td width=\"135\">Rastko Jovanovi\u0107<\/td>\n<td width=\"351\"><em>MODELING CONTROLLED AEROSOL ATMOSPHERE BY UTILIZING PHYSICS BASED MODELING: EXPERIENCE FROM USING COMPUTATIONAL FLUID DYNAMICS APPROACH<\/em><\/td>\n<td width=\"45\"><em><a href=\"https:\/\/vidis-project.org\/index.php\/2022\/01\/31\/webiopatr2021-pos07\/\">video<\/a><\/em><\/td>\n<td width=\"33\"><em><a href=\"https:\/\/www.vin.bg.ac.rs\/webiopatr\/media\/WeBIOPATR2021_Book_of_Abstracts%20final.pdf#page=76\">pdf<\/a><\/em><\/td>\n<\/tr>\n<tr>\n<td width=\"60\">8.<\/td>\n<td width=\"135\">Vi\u0161a Tasi\u0107<\/td>\n<td width=\"351\"><em>PORTABLE AIR QUALITY MONITOR BASED ON LOW-COST SENSORS\u00a0\u00a0<\/em><\/td>\n<td width=\"45\"><em><a href=\"https:\/\/vidis-project.org\/index.php\/2022\/01\/31\/webiopatr2021-pos08\/\">video<\/a><\/em><\/td>\n<td width=\"33\"><em><a href=\"https:\/\/www.vin.bg.ac.rs\/webiopatr\/media\/WeBIOPATR2021_Book_of_Abstracts%20final.pdf#page=77\">pdf<\/a><\/em><\/td>\n<\/tr>\n<tr>\n<td width=\"60\">9.<\/td>\n<td width=\"135\">Anka Cvetkovi\u0107<\/td>\n<td width=\"351\"><em>DETERMINATION OF LEVOGLUCOSANE AND ITS ISOMERS IN AMBIENT AIR PM USING GAS CHROMATOGRAPHY WITH MASS SELECTIVE DETECTOR IN BELGRADE URBAN AREA\u00a0 <\/em><\/td>\n<td width=\"45\"><em>\/<\/em><\/td>\n<td width=\"33\"><em><a href=\"https:\/\/www.vin.bg.ac.rs\/webiopatr\/media\/WeBIOPATR2021_Book_of_Abstracts%20final.pdf#page=78\">pdf<\/a><\/em><\/td>\n<\/tr>\n<tr>\n<td width=\"60\">10.<\/td>\n<td width=\"135\">Aca Bo\u017eilov<\/td>\n<td width=\"351\"><em>COMPARISON OF LOW-COST PM SENSORS IN AN INDOOR ENVIRONMENT<\/em><\/td>\n<td width=\"45\"><em><a href=\"https:\/\/vidis-project.org\/index.php\/2022\/01\/31\/webiopatr2021-pos10\/\">video<\/a><\/em><\/td>\n<td width=\"33\"><em><a href=\"https:\/\/www.vin.bg.ac.rs\/webiopatr\/media\/WeBIOPATR2021_Book_of_Abstracts%20final.pdf#page=79\">pdf<\/a><\/em><\/td>\n<\/tr>\n<tr>\n<td width=\"60\">11.<\/td>\n<td width=\"135\">Nikola Mi\u0161i\u0107<\/td>\n<td width=\"351\"><em>EXPERIMENTAL INVESTIGATION FOR EVALUATING THE FIRE EFFLUENTS OF FOREST FUEL IN A MASS LOSS CALORIMETER COUPLED WITH FTIR APPARATUS<\/em><\/td>\n<td width=\"45\"><em><a href=\"https:\/\/vidis-project.org\/index.php\/2022\/01\/31\/webiopatr2021-pos11\/\">video<\/a><\/em><\/td>\n<td width=\"33\"><em><a href=\"https:\/\/www.vin.bg.ac.rs\/webiopatr\/media\/WeBIOPATR2021_Book_of_Abstracts%20final.pdf#page=80\">pdf<\/a><\/em><\/td>\n<\/tr>\n<tr>\n<td width=\"60\">12.<\/td>\n<td width=\"135\">Biljana Vu\u010di\u0107evi\u0107<\/td>\n<td width=\"351\"><em>LOCK-DOWN INFLUENCE ON AIR QUALITY IN BELGRADE DURING THE COVID 19 PANDEMIC<\/em><\/td>\n<td width=\"45\"><em>\/<\/em><\/td>\n<td width=\"33\"><em><a href=\"https:\/\/www.vin.bg.ac.rs\/webiopatr\/media\/WeBIOPATR2021_Book_of_Abstracts%20final.pdf#page=81\">pdf<\/a><\/em><\/td>\n<\/tr>\n<tr>\n<td width=\"60\">13.<\/td>\n<td width=\"135\">Branislava Mati\u0107<\/td>\n<td width=\"351\"><em>ENGAGEMENT OF PUBLIC HEALTH INSTITUTIONS IN MONITORING OF HEAVY METALS\u2019 PRESENCE IN PM10 IN THE VICINITY OF INDUSTRIALLY CONTAMINATED SITES IN SERBIA<\/em><em>\u00a0<\/em><\/td>\n<td width=\"45\"><em><a href=\"https:\/\/vidis-project.org\/index.php\/2022\/01\/31\/webiopatr2021-pos13\/\">video<\/a><\/em><\/td>\n<td width=\"33\"><em><a href=\"https:\/\/www.vin.bg.ac.rs\/webiopatr\/media\/WeBIOPATR2021_Book_of_Abstracts%20final.pdf#page=82\">pdf<\/a><\/em><\/td>\n<\/tr>\n<tr>\n<td width=\"60\">14.<\/td>\n<td width=\"135\">Marija \u017divkovi\u0107<\/td>\n<td width=\"351\"><em>CHARACTERISATION OF PM2.5 LEVEL AND CONTENT OF THE KINDERGARDEN MICROENVIRONMENT IN BELGRADE CITY CENTER<\/em><em>\u00a0<\/em><\/td>\n<td width=\"45\"><em>\/<\/em><\/td>\n<td width=\"33\"><em><a href=\"https:\/\/www.vin.bg.ac.rs\/webiopatr\/media\/WeBIOPATR2021_Book_of_Abstracts%20final.pdf#page=83\">pdf<\/a><\/em><\/td>\n<\/tr>\n<tr>\n<td width=\"60\">15.<\/td>\n<td width=\"135\">Zoran Markovi\u0107<\/td>\n<td width=\"351\"><em>NUMERICAL SIMULATION OF GAS FLOW THROUGH PERFORATED PLATES INCLINED TO THE MAIN FLOW<\/em><\/td>\n<td width=\"45\"><em><a href=\"https:\/\/vidis-project.org\/index.php\/2022\/01\/31\/webiopatr2021-pos15\/\">video<\/a><\/em><\/td>\n<td width=\"33\"><em><a href=\"https:\/\/www.vin.bg.ac.rs\/webiopatr\/media\/WeBIOPATR2021_Book_of_Abstracts%20final.pdf#page=84\">pdf<\/a><\/em><\/td>\n<\/tr>\n<tr>\n<td width=\"60\">16.<\/td>\n<td width=\"135\">Du\u0161ka Kleut<\/td>\n<td width=\"351\"><em>PM\u00a0LOW-COST\u00a0SENSORS\u00a0IN-FIELD<\/em><em>\u00a0<\/em><em>CALIBRATION<\/em><em>:\u00a0THE\u00a0INFLUENCE OF SAMPLING COVERAGE AND INTERVALS\u00a0<\/em><em>\u00a0<\/em><\/td>\n<td width=\"45\"><em><a href=\"https:\/\/vidis-project.org\/index.php\/2022\/01\/31\/webiopatr2021-pos16\/\">video<\/a><\/em><\/td>\n<td width=\"33\"><em><a href=\"https:\/\/www.vin.bg.ac.rs\/webiopatr\/media\/WeBIOPATR2021_Book_of_Abstracts%20final.pdf#page=85\">pdf<\/a><\/em><\/td>\n<\/tr>\n<tr>\n<td width=\"60\">17.<\/td>\n<td width=\"135\">Radmila Gagi\u0107<\/td>\n<td width=\"351\"><em>PRELIMINARY RESULTS FROM PM MOBILE MONITORING PILOT CAMPAIGN IN BOKA KOTORSKA BAY: PM LEVELS AND OBSERVED MODES IN ONSHORE AND OFFSHORE AREA\u00a0<\/em><\/td>\n<td width=\"45\"><em><a href=\"https:\/\/vidis-project.org\/index.php\/2022\/01\/31\/webiopatr2021-pos17\/\">video<\/a><\/em><\/td>\n<td width=\"33\"><em><a href=\"https:\/\/www.vin.bg.ac.rs\/webiopatr\/media\/WeBIOPATR2021_Book_of_Abstracts%20final.pdf#page=86\">pdf<\/a><\/em><\/td>\n<\/tr>\n<\/tbody>\n<\/table>\n","protected":false},"excerpt":{"rendered":"<p>WeBIOPATR2021 Recordings Here you can find the recordings of keynote lectures, lectures and short poster presentations that were given at The 8th International WeBIOPATR WORKSHOP AND CONFERENCE, PARTICULATE MATTER: RESEARCH AND MANAGEMENT \u2013 WeBIOPATR2021, November 29th \u2013 December 1st, 2021. BELGRADE, SERBIA. Enjoy learning about the latest topics in air quality research and management! \u00a0 [&hellip;]<\/p>\n","protected":false},"author":1,"featured_media":0,"parent":0,"menu_order":0,"comment_status":"closed","ping_status":"closed","template":"","meta":{"footnotes":""},"class_list":["post-674","page","type-page","status-publish","hentry","entry"],"_links":{"self":[{"href":"https:\/\/vidis-project.org\/index.php\/wp-json\/wp\/v2\/pages\/674","targetHints":{"allow":["GET"]}}],"collection":[{"href":"https:\/\/vidis-project.org\/index.php\/wp-json\/wp\/v2\/pages"}],"about":[{"href":"https:\/\/vidis-project.org\/index.php\/wp-json\/wp\/v2\/types\/page"}],"author":[{"embeddable":true,"href":"https:\/\/vidis-project.org\/index.php\/wp-json\/wp\/v2\/users\/1"}],"replies":[{"embeddable":true,"href":"https:\/\/vidis-project.org\/index.php\/wp-json\/wp\/v2\/comments?post=674"}],"version-history":[{"count":27,"href":"https:\/\/vidis-project.org\/index.php\/wp-json\/wp\/v2\/pages\/674\/revisions"}],"predecessor-version":[{"id":791,"href":"https:\/\/vidis-project.org\/index.php\/wp-json\/wp\/v2\/pages\/674\/revisions\/791"}],"wp:attachment":[{"href":"https:\/\/vidis-project.org\/index.php\/wp-json\/wp\/v2\/media?parent=674"}],"curies":[{"name":"wp","href":"https:\/\/api.w.org\/{rel}","templated":true}]}}