{"id":1355,"date":"2024-06-18T07:25:51","date_gmt":"2024-06-18T07:25:51","guid":{"rendered":"https:\/\/vidis-project.org\/?page_id=1355"},"modified":"2024-06-22T23:02:47","modified_gmt":"2024-06-22T23:02:47","slug":"webiopatr-2023-conference","status":"publish","type":"page","link":"https:\/\/vidis-project.org\/index.php\/webiopatr-2023-conference\/","title":{"rendered":"WeBIOPATR 2023 Conference"},"content":{"rendered":"\n<h2 class=\"wp-block-heading\">WeBIOPATR2023 Recordings<\/h2>\n\n\n\n<p>Here you can find the recordings of keynote lectures, lectures and short poster presentations that were given at The 9th International WeBIOPATR WORKSHOP AND CONFERENCE, PARTICULATE MATTER: RESEARCH AND MANAGEMENT \u2013 WeBIOPATR2023, November 28th \u2013 December 1st, 2023. BELGRADE, SERBIA. Enjoy learning about the latest topics in air quality research and management!<\/p>\n\n\n\n<table>\n<tbody>\n<tr>\n<td><strong>\u00a0<\/strong><\/td>\n<td colspan=\"2\"><strong><em>Session 1: PM NOVEL AND STANDARD METRICS<\/em><\/strong>\n<p><strong><em>Chair: Zoran Ristovski, Dikaia Saraga<\/em><\/strong><\/p>\n<\/td>\n<td><strong><em>\u00a0<\/em><\/strong><\/td>\n<td><strong><em>\u00a0<\/em><\/strong><\/td>\n<\/tr>\n<tr>\n<td><strong>1.\u00a0\u00a0\u00a0\u00a0\u00a0\u00a0 <\/strong><strong>\u00a0<\/strong><\/td>\n<td><strong>A. Alastuey<\/strong><\/td>\n<td><strong><em>MEASUREMENT OF NOVEL METRICS FOR AIR QUALITY ASSESSMENT: RI-URBANS PROJECT<\/em><\/strong><strong><em>\u00a0<\/em><\/strong><\/td>\n<td><strong><em><a href=\"https:\/\/vidis-project.org\/index.php\/2024\/06\/20\/s01l01-andres-alastuey-measurement-of-novel-metrics-for-air-quality-assessment-ri-urbansproject\/\">video<\/a><\/em><\/strong><\/td>\n<td><strong><em><a href=\"https:\/\/www.vin.bg.ac.rs\/webiopatr\/2023\/wp-content\/uploads\/2023\/11\/WeBIOPATR2023_BookOfAbstracts.pdf#page=15\">pdf<\/a><\/em><\/strong><\/td>\n<\/tr>\n<tr>\n<td>2.<\/td>\n<td>Lidia Morawska<\/td>\n<td><em>THE SCIENCE BEHIND INDOOR AIR QUALITY STANDARDS FOR PUBLIC SPACES\u00a0<\/em><\/td>\n<td><strong><em><a href=\"https:\/\/vidis-project.org\/index.php\/2024\/06\/20\/s01l02-lidia-morawska-the-science-behind-indoor-air-quality-standards-for-public-spaces\/\">video<\/a><\/em><\/strong><\/td>\n<td><strong><em><a href=\"https:\/\/www.vin.bg.ac.rs\/webiopatr\/2023\/wp-content\/uploads\/2023\/11\/WeBIOPATR2023_BookOfAbstracts.pdf#page=16\">pdf<\/a><\/em><\/strong><\/td>\n<\/tr>\n<tr>\n<td>3.<\/td>\n<td>Jasmina Kne\u017eevi\u0107<\/td>\n<td><em>AN OVERVIEW OF AMBIENT PARTICULATE MATTER UNDER STATE AND LOCAL MONITORING NETWORKS IN THE REPUBLIC OF SERBIA IN 2022\u00a0<\/em><em>\u00a0<\/em><\/td>\n<td><strong><em><a href=\"\">\/<\/a><\/em><\/strong><\/td>\n<td><strong><em><a href=\"https:\/\/www.vin.bg.ac.rs\/webiopatr\/2023\/wp-content\/uploads\/2023\/11\/WeBIOPATR2023_BookOfAbstracts.pdf#page=17\">pdf<\/a><\/em><\/strong><\/td>\n<\/tr>\n<\/tbody>\n<\/table>\n<p>\u00a0<\/p>\n<table>\n<tbody>\n<tr>\n<td><strong>\u00a0<\/strong><\/td>\n<td colspan=\"2\"><strong><em>Session 2: LOW-COST SENORS CALIBRATION<\/em><\/strong>\n<p><strong><em>Chair: Alena Bartonova, Milo\u0161 Davidovi\u0107<\/em><\/strong><\/p>\n<\/td>\n<td><strong><em>\u00a0<\/em><\/strong><\/td>\n<td><strong><em>\u00a0<\/em><\/strong><\/td>\n<\/tr>\n<tr>\n<td><strong>1.\u00a0\u00a0\u00a0\u00a0\u00a0\u00a0 <\/strong><strong>\u00a0<\/strong><\/td>\n<td><strong>Saverio de Vito<\/strong><\/td>\n<td><strong><em>NEW PERSPECTIVES FOR ACCURATE AND SCALABLE CALIBRATION OF LOW COST AIR QUALITY MULTISENSOR DEVICES<\/em><\/strong><em>\u00a0<\/em><\/td>\n<td><strong><em><a href=\"https:\/\/vidis-project.org\/index.php\/2024\/06\/20\/s02l01-saverio-de-vito-new-perspectives-for-accurate-and-scalable-calibration-of-low-cost-air-quality-multisensor-devices\/\">video<\/a><\/em><\/strong><\/td>\n<td><strong><em><a href=\"https:\/\/www.vin.bg.ac.rs\/webiopatr\/2023\/wp-content\/uploads\/2023\/11\/WeBIOPATR2023_BookOfAbstracts.pdf#page=21\">pdf<\/a><\/em><\/strong><\/td>\n<\/tr>\n<tr>\n<td>2.<\/td>\n<td>Du\u0161ka Kleut<\/td>\n<td><em>LEVEL OF AGREEMENT (VARIABILITY) OF PM10 AND PM2.5 DETECTED WITH EQUIVALENT V.S. LOW-COST MONITORS INSTALLED IN FOUR MUNICIPALITIES<\/em><em>\u00a0<\/em><\/td>\n<td><strong><em><a href=\"https:\/\/vidis-project.org\/index.php\/2024\/06\/20\/s02l02-duska-kleut-level-of-agreement-variability-of-pm10-and-pm2-5-detected-with-equivalent-v-s-low-cost-monitors-installed-in-four-municipalitiess02l02-duska-kleut\/\">video<\/a><\/em><\/strong><\/td>\n<td><strong><em><a href=\"https:\/\/www.vin.bg.ac.rs\/webiopatr\/2023\/wp-content\/uploads\/2023\/11\/WeBIOPATR2023_BookOfAbstracts.pdf#page=22\">pdf<\/a><\/em><\/strong><\/td>\n<\/tr>\n<tr>\n<td>3.<\/td>\n<td>Uzahir Ramadani<\/td>\n<td><em>THE VIDIS LOW-COST SENSOR NETWORK DEVELOPMENT: IMPLEMENTATION IN THE CITY OF NOVI SAD<\/em><\/td>\n<td><strong><em><a href=\"https:\/\/vidis-project.org\/index.php\/2024\/06\/20\/s02l03-uzahir-ramadani-the-vidis-low-cost-sensor-network-development-implementation-in-the-city-of-novi-sad\/\">video<\/a><\/em><\/strong><\/td>\n<td><strong><em><a href=\"https:\/\/www.vin.bg.ac.rs\/webiopatr\/2023\/wp-content\/uploads\/2023\/11\/WeBIOPATR2023_BookOfAbstracts.pdf#page=23\">pdf<\/a><\/em><\/strong><\/td>\n<\/tr>\n<tr>\n<td>4.<\/td>\n<td>Ettore Massera<\/td>\n<td><em>LOW-COST COMMERCIAL SENSORS FOR AIRBORNE PARTICULATE MATTER: A SIMPLIFIED LABORATORY PERFORMANCE EVALUATION<\/em><\/td>\n<td><strong><em><a href=\"https:\/\/vidis-project.org\/index.php\/2024\/06\/22\/s02l04-ettore-massera-low-cost-commercial-sensors-for-airborne-particulate-matter-a-simplified-laboratory-performance-evaluation\/\">video<\/a><\/em><\/strong><\/td>\n<td><strong><em><a href=\"https:\/\/www.vin.bg.ac.rs\/webiopatr\/2023\/wp-content\/uploads\/2023\/11\/WeBIOPATR2023_BookOfAbstracts.pdf#page=24\">pdf<\/a><\/em><\/strong><\/td>\n<\/tr>\n<tr>\n<td>5.<\/td>\n<td>Franck Rene Dauge<\/td>\n<td><em>DEPLOYMENT AND EVALUATION OF NETWORK OF OPEN LOW-COST AIR QUALITY SENSOR SYSTEMS<\/em><\/td>\n<td><strong><em><a href=\"https:\/\/vidis-project.org\/index.php\/2024\/06\/22\/s02l05-franck-rene-dauge-deployment-and-evaluation-of-network-of-open-low-cost-air-quality-sensor-systems\/\">video<\/a><\/em><\/strong><\/td>\n<td><strong><em><a href=\"https:\/\/www.vin.bg.ac.rs\/webiopatr\/2023\/wp-content\/uploads\/2023\/11\/WeBIOPATR2023_BookOfAbstracts.pdf#page=25\">pdf<\/a><\/em><\/strong><\/td>\n<\/tr>\n<\/tbody>\n<\/table>\n<p>\u00a0<\/p>\n<table>\n<tbody>\n<tr>\n<td><strong>\u00a0<\/strong><\/td>\n<td colspan=\"2\"><strong><em>Session 3: PM LCS NETWORKS <\/em><\/strong>\n<p><strong><em>Chair: Saverio De Vito, Du\u0161ka Kleut<\/em><\/strong><strong><em>\u0107<\/em><\/strong><\/p>\n<\/td>\n<td><strong><em>\u00a0<\/em><\/strong><\/td>\n<td><strong><em>\u00a0<\/em><\/strong><\/td>\n<\/tr>\n<tr>\n<td>1.<\/td>\n<td><strong>Danka Stojanovi\u0107<\/strong><\/td>\n<td><strong><em>ONE-YEAR DATA EVALUATION OF LOW-COST SENSOR NETWORK FOR ATMOSPHERIC PARTICULATE MATTER MONITORING IN 15 MUNICIPALITIES IN SERBIA<\/em><\/strong><\/td>\n<td><strong><em><a href=\"https:\/\/vidis-project.org\/index.php\/2024\/06\/20\/s03l01-danka-stojanovic-one-year-data-evaluation-of-low-cost-sensor-network-for-atmospheric-particulate-matter-monitoring-in-15-municipalities-in-serbia\/\">video<\/a><\/em><\/strong><\/td>\n<td><strong><em><a href=\"https:\/\/www.vin.bg.ac.rs\/webiopatr\/2023\/wp-content\/uploads\/2023\/11\/WeBIOPATR2023_BookOfAbstracts.pdf#page=29\">pdf<\/a><\/em><\/strong><\/td>\n<\/tr>\n<tr>\n<td>2.<\/td>\n<td>Milo\u0161 Davidovi\u0107<\/td>\n<td><em>COMPARISON OF PM LOW-COST SENSOR NETWORKS: UNICEF PILOT NETWORK IN SCHOOLS IN WESTERN SERBIA V.S. NOVI SAD NETWORK<\/em><\/td>\n<td><strong><em><a href=\"https:\/\/vidis-project.org\/index.php\/2024\/06\/20\/s03l02-milos-davidovic-comparison-of-pm-low-cost-sensor-networks-unicef-pilot-network-school-in-western-serbia-v-s-novi-sad-network\/\">video<\/a><\/em><\/strong><\/td>\n<td><strong><em><a href=\"https:\/\/www.vin.bg.ac.rs\/webiopatr\/2023\/wp-content\/uploads\/2023\/11\/WeBIOPATR2023_BookOfAbstracts.pdf#page=30\">pdf<\/a><\/em><\/strong><\/td>\n<\/tr>\n<tr>\n<td>3.<\/td>\n<td>Amir Hassani<\/td>\n<td><em>ENHANCED MONITORING OF RESIDENTIAL WOOD COMBUSTION PM2.5 EMISSIONS IN NORDIC CITIES USING LOW-COST SENSORS<\/em><\/td>\n<td><strong><em><a href=\"https:\/\/vidis-project.org\/index.php\/2024\/06\/20\/s03l03-amir-hassani-enhanced-monitoring-of-residential-wood-combustion-pm2-5-emissions-in-nordic-cities-using-low-cost-sensors\/\">video<\/a><\/em><\/strong><\/td>\n<td><strong><em><a href=\"https:\/\/www.vin.bg.ac.rs\/webiopatr\/2023\/wp-content\/uploads\/2023\/11\/WeBIOPATR2023_BookOfAbstracts.pdf#page=31\">pdf<\/a><\/em><\/strong><\/td>\n<\/tr>\n<tr>\n<td>4.<\/td>\n<td>Carolina Correira<\/td>\n<td><em>A LOW-COST SOLUTION FOR MOBILE AIR QUALITY MONITORING<\/em><\/td>\n<td><strong><em><a href=\"https:\/\/vidis-project.org\/index.php\/2024\/06\/20\/s03l04-carolina-correia-a-low-cost-solution-for-mobile-air-quality-monitoring\/\">video<\/a><\/em><\/strong><\/td>\n<td><strong><em><a href=\"https:\/\/www.vin.bg.ac.rs\/webiopatr\/2023\/wp-content\/uploads\/2023\/11\/WeBIOPATR2023_BookOfAbstracts.pdf#page=32\">pdf<\/a><\/em><\/strong><\/td>\n<\/tr>\n<tr>\n<td>5.<\/td>\n<td>Milo\u0161 Davidovi\u0107<\/td>\n<td><em>MAPPING PARTICULATE MATTER POLLUTION USING LOW-COST SENSOR NETWORK: NOVI SAD CASE STUDY<\/em><\/td>\n<td><strong><em><a href=\"#\">video<\/a><\/em><\/strong><\/td>\n<td><strong><em><a href=\"https:\/\/www.vin.bg.ac.rs\/webiopatr\/2023\/wp-content\/uploads\/2023\/11\/WeBIOPATR2023_BookOfAbstracts.pdf#page=33\">pdf<\/a><\/em><\/strong><\/td>\n<\/tr>\n<\/tbody>\n<\/table>\n<p>\u00a0<\/p>\n<table>\n<tbody>\n<tr>\n<td><strong>\u00a0<\/strong><\/td>\n<td colspan=\"2\"><strong><em>Session 4 : VIRUSES TRANSMISSION AND PROTECTION <\/em><\/strong>\n<p><strong><em>Chair: Milena Jova\u0161evi\u0107-Stojanovi\u0107, Eleonora Longhin<\/em><\/strong><\/p>\n<\/td>\n<td><strong><em>\u00a0<\/em><\/strong><\/td>\n<td><strong><em>\u00a0<\/em><\/strong><\/td>\n<\/tr>\n<tr>\n<td>1.<\/td>\n<td><strong>Zoran Ristovski<\/strong><\/td>\n<td><strong><em>WHAT IS CRITICAL FOR THE SURVIVAL OF AIRBORNE VIRUSES<\/em><\/td>\n<td><strong><em><a href=\"https:\/\/vidis-project.org\/index.php\/2024\/06\/22\/s04l01-zoran-ristovski-what-is-crtitical-for-the-survival-of-airborne-viruses\/\">video<\/a><\/em><\/strong><\/td>\n<td><strong><em><a href=\"https:\/\/www.vin.bg.ac.rs\/webiopatr\/2023\/wp-content\/uploads\/2023\/11\/WeBIOPATR2023_BookOfAbstracts.pdf#page=37\">pdf<\/a><\/em><\/strong><\/td>\n<\/tr>\n<tr>\n<td>2.<\/td>\n<td>Elizabeta Ristanovi\u0107<\/td>\n<td><em>RISKS AND CONSEQUENCES OF COXIELLA BURNETTI AEROSOL TRANSMISSION<\/em><\/td>\n<td><strong><em><a href=\"https:\/\/vidis-project.org\/index.php\/2024\/06\/22\/s04l02-elizabeta-ristanovic-risks-and-consequences-of-coxiella-burnetii-aerosol-transmission\/\">video<\/a><\/em><\/strong><\/td>\n<td><strong><em><a href=\"https:\/\/www.vin.bg.ac.rs\/webiopatr\/2023\/wp-content\/uploads\/2023\/11\/WeBIOPATR2023_BookOfAbstracts.pdf#page=38\">pdf<\/a><\/em><\/strong><\/td>\n<\/tr>\n<tr>\n<td>3.<\/td>\n<td>Simon Smith<\/td>\n<td><em>PANDEMIC RESPONSE: A NEW PARTICLE FILTERING RESPIRATOR PERFORMANCE STANDARD FOR CANADA<\/em><\/td>\n<td><strong><em><a href=\"https:\/\/vidis-project.org\/index.php\/2024\/06\/22\/s04l03-simon-smith-a-new-respirator-performance-standard-and-certification-system-for-canada\/\">video<\/a><\/em><\/strong><\/td>\n<td><strong><em><a href=\"https:\/\/www.vin.bg.ac.rs\/webiopatr\/2023\/wp-content\/uploads\/2023\/11\/WeBIOPATR2023_BookOfAbstracts.pdf#page=39\">pdf<\/a><\/em><\/strong><\/td>\n<\/tr>\n<tr>\n<td>4.<\/td>\n<td>Ana Cvite\u0161i\u0107 Ku\u0161an<\/td>\n<td><em>THE SIZE DISTRIBUTION OF SARS-COV-2 GENETIC MATERIAL IN AIRBORNE PARTICLES SAMPLED IN HOSPITAL AND HOME CARE ENVIRONMENTS OCCUPIED BY COVID-19 POSITIVE SUBJECTS<\/em><\/td>\n<td><strong><em><a href=\"https:\/\/vidis-project.org\/index.php\/2024\/06\/22\/s04l04-ana-cvitesic-kusan-the-size-distribution-of-sars-cov-2-genetic-material-in-airborne-particles-sampled-in-hospital-and-home-care-environments-occupied-by-covid-19-positive-subjects\/\">video<\/a><\/em><\/strong><\/td>\n<td><strong><em><a href=\"https:\/\/www.vin.bg.ac.rs\/webiopatr\/2023\/wp-content\/uploads\/2023\/11\/WeBIOPATR2023_BookOfAbstracts.pdf#page=40\">pdf<\/a><\/em><\/strong><\/td>\n<\/tr>\n<\/tbody>\n<\/table>\n<p>\u00a0<\/p>\n<table>\n<tbody>\n<tr>\n<td><strong>\u00a0<\/strong><\/td>\n<td colspan=\"2\"><strong><em>Session 5: HEALTH ASPECTS OF ATMOSPHERIC PARTICULATE MATTER I<\/em><\/strong>\n<p><strong><em>Chair: Andres Alastuey, Vi\u0161a Tasi\u0107 <\/em><\/strong><\/p>\n<\/td>\n<td><strong><em>\u00a0<\/em><\/strong><\/td>\n<td><strong><em>\u00a0<\/em><\/strong><\/td>\n<\/tr>\n<tr>\n<td><strong>1.\u00a0\u00a0\u00a0\u00a0\u00a0\u00a0 <\/strong><strong>\u00a0<\/strong><\/td>\n<td><strong>Alena Bartonova<\/strong><\/td>\n<td><strong><em>BETWEEN MAN AND TECHNOLOGY: ADDRESSING IAQ IN NORWEGIAN SCHOOLS<\/em><\/td>\n<td><strong><em><a href=\"https:\/\/vidis-project.org\/index.php\/2024\/06\/22\/s05l01-alena-bartonova-between-man-and-technology-addressing-iaq-in-norwegian-schools\/\">video<\/><\/em><\/strong><\/td>\n<td><strong><em><a href=\"https:\/\/www.vin.bg.ac.rs\/webiopatr\/2023\/wp-content\/uploads\/2023\/11\/WeBIOPATR2023_BookOfAbstracts.pdf#page=43\">pdf<\/a><\/em><\/strong><\/td>\n<\/tr>\n<tr>\n<td>2.<\/td>\n<td><strong>Eleonora Longhin<\/strong><\/td>\n<td><strong><em>PARTICLES AND CHEMICALS IN OUTDOOR AND INDOOR AIR: IN VITRO TOXICITY AND HEALTH EFFECTS<\/td>\n<td><strong><em><a href=\"https:\/\/vidis-project.org\/index.php\/2024\/06\/22\/s05l02-eleonora-longhin-particles-and-chemicals-in-outdoor-and-indoor-air-in-vitro-toxicity\/\">video<\/a><\/em><\/strong><\/td>\n<td><strong><em><a href=\"https:\/\/www.vin.bg.ac.rs\/webiopatr\/2023\/wp-content\/uploads\/2023\/11\/WeBIOPATR2023_BookOfAbstracts.pdf#page=44\">pdf<\/a><\/em><\/strong><\/td>\n<\/tr>\n<tr>\n<td>3.<\/td>\n<td><strong>C\u00e1tia Peixoto<\/strong><\/td>\n<td><em>PARTICULATE MATTER IN HEALTH CLUBS: IMPACT OF SPORT ACTIVITY<\/em><\/td>\n<td><strong><em><a href=\"https:\/\/vidis-project.org\/index.php\/2024\/06\/22\/s05l03-catia-peixoto-particulate-matter-in-health-clubs-impact-of-sport-activity\/\">video<\/a><\/em><\/strong><\/td>\n<td><strong><em><a href=\"https:\/\/www.vin.bg.ac.rs\/webiopatr\/2023\/wp-content\/uploads\/2023\/11\/WeBIOPATR2023_BookOfAbstracts.pdf#page=45\">pdf<\/a><\/em><\/strong><\/td>\n<\/tr>\n<tr>\n<td>4.<\/td>\n<td>Klara Slezakova<\/td>\n<td><em>OCCUPATIONAL EXPOSURE TO PARTICULATE MATTER: CASE STUDY OF\nPORTUGUESE FIREFIGHTERS<\/em><\/td>\n<td><strong><em><a href=\"https:\/\/vidis-project.org\/index.php\/2024\/06\/22\/s05l04-klara-slezakova-occupational-exposure-to-particulate-matter\/\">video<\/a><\/em><\/strong><\/td>\n<td><strong><em><a href=\"https:\/\/www.vin.bg.ac.rs\/webiopatr\/2023\/wp-content\/uploads\/2023\/11\/WeBIOPATR2023_BookOfAbstracts.pdf#page=46\">pdf<\/a><\/em><\/strong><\/td>\n<\/tr>\n<tr>\n<td>5.<\/td>\n<td>Bela Barros<\/td>\n<td><em>SHORT-TERM HEALTH EFFECTS OF WILDFIRE EMISSIONS<\/em><\/td>\n<td><strong><em><a href=\"https:\/\/vidis-project.org\/index.php\/2024\/06\/22\/s05l05-bela-barros-short-term-health-effects-of-wildfire-emissions\/\">video<\/a><\/em><\/strong><\/td>\n<td><strong><em><a href=\"https:\/\/www.vin.bg.ac.rs\/webiopatr\/2023\/wp-content\/uploads\/2023\/11\/WeBIOPATR2023_BookOfAbstracts.pdf#page=47\">pdf<\/a><\/em><\/strong><\/td>\n<\/tr>\n<tr>\n<td>6.<\/td>\n<td>Maja Jovanovi\u0107<\/td>\n<td><em>APPLICATION OF DITHIOTHREITOL (DTT) ASSAY \u2013 CONSISTENCY OF PROTOCOLS FOR DETERMINATION OF THE OXIDATIVE POTENTIAL OF AMBIENT PARTICLES<\/em><\/td>\n<td><strong><em><a href=\"https:\/\/vidis-project.org\/index.php\/2024\/06\/22\/s05l06-maja-jovanovic-application-of-dithiothreitol-dtt-assay-consistency-of-protocols\/\">video<\/a><\/em><\/strong><\/td>\n<td><strong><em><a href=\"https:\/\/www.vin.bg.ac.rs\/webiopatr\/2023\/wp-content\/uploads\/2023\/11\/WeBIOPATR2023_BookOfAbstracts.pdf#page=48\">pdf<\/a><\/em><\/strong><\/td>\n<\/tr>\n<\/tbody>\n<\/table>\n<p>\u00a0<\/p>\n<table>\n<tbody>\n<tr>\n<td><strong>\u00a0<\/strong><\/td>\n<td colspan=\"2\"><strong><em>Session 6: INDOOR PARTICULATE MATTER<\/em><\/strong>\n<p><strong><em>Chair: Simone Morais, Danka Stojanovi\u0107 <\/em><\/strong><\/p>\n<\/td>\n<td><strong><em>\u00a0<\/em><\/strong><\/td>\n<td><strong><em>\u00a0<\/em><\/strong><\/td>\n<\/tr>\n<tr>\n<td><strong>1.\u00a0\u00a0\u00a0\u00a0\u00a0\u00a0 <\/strong><strong>\u00a0<\/strong><\/td>\n<td><strong>Dikaia Saraga<\/strong><\/td>\n<td><strong><em>SOURCE APPORTIONMENT OF INDOOR PARTICULATE MATTER: A REVIEW<\/em><\/strong><\/td>\n<td><strong><em><a href=\"#\">video<\/a><\/em><\/strong><\/td>\n<td><strong><em><a href=\"https:\/\/www.vin.bg.ac.rs\/webiopatr\/2023\/wp-content\/uploads\/2023\/11\/WeBIOPATR2023_BookOfAbstracts.pdf#page=51\">pdf<\/a><\/em><\/strong><\/td>\n<\/tr>\n<tr>\n<td>2.<\/td>\n<td>Marija \u017divkovi\u0107<\/td>\n<td><em>SOURCES OF PAHS IN SERBIAN SCHOOLS DURING HEATING SEASON<\/em><\/td>\n<td><strong><em><a href=\"https:\/\/vidis-project.org\/index.php\/2024\/06\/22\/s06l02-marija-zivkovic-sources-of-pahs-in-serbian-schools-during-heating-season\/\">video<\/a><\/em><\/strong><\/td>\n<td><strong><em><a href=\"https:\/\/www.vin.bg.ac.rs\/webiopatr\/2023\/wp-content\/uploads\/2023\/11\/WeBIOPATR2023_BookOfAbstracts.pdf#page=52\">pdf<\/a><\/em><\/strong><\/td>\n<\/tr>\n<tr>\n<td>3.<\/td>\n<td>Vasileios Salamalikis<\/td>\n<td><em>SPATIOTEMPORAL PATTERNS OF INDOOR AND OUTDOOR PM2.5 IN LEGIONOWO, POLAND<\/em><\/td>\n<td><strong><em><a href=\"https:\/\/vidis-project.org\/index.php\/2024\/06\/22\/s06l03-vasileios-salamalikis-spatiotemporal-patterns-of-indoor-and-outdoor-pm25-in-legionowo\/\">video<\/a><\/em><\/strong><\/td>\n<td><strong><em><a href=\"https:\/\/www.vin.bg.ac.rs\/webiopatr\/2023\/wp-content\/uploads\/2023\/11\/WeBIOPATR2023_BookOfAbstracts.pdf#page=53\">pdf<\/a><\/em><\/strong><\/td>\n<\/tr>\n<tr>\n<td>4.<\/td>\n<td>Terje Gr\u00f8ntoft<\/td>\n<td><em>VENTILATED AND NON-VENTILATED SOURCES OF INDOOR DUST DEPOSITION IN A HISTORICAL HOUSE MUSEUM IN THE PIESKOWA SKA\u0141A CASTLE IN POLAND<\/em><\/td>\n<td><strong><em><a href=\"#\">video<\/a><\/em><\/strong><\/td>\n<td><strong><em><a href=\"https:\/\/www.vin.bg.ac.rs\/webiopatr\/2023\/wp-content\/uploads\/2023\/11\/WeBIOPATR2023_BookOfAbstracts.pdf#page=54\">pdf<\/a><\/em><\/strong><\/td>\n<\/tr>\n<\/tbody>\n<\/table>\n<p>\u00a0<\/p>\n<table>\n<tbody>\n<tr>\n<td><strong>\u00a0<\/strong><\/td>\n<td colspan=\"2\"><strong><em>Session 7: HEALTH ASPECTS OF ATMOSPHERIC PARTICULATE MATTER II<\/em><\/strong>\n<p><strong><em>Chair: Maja Nikoli\u0107, Maja Jovanovi\u0107<\/em><\/strong><\/p>\n<\/td>\n<td><strong><em>\u00a0<\/em><\/strong><\/td>\n<td><strong><em>\u00a0<\/em><\/strong><\/td>\n<\/tr>\n<tr>\n<td>1.<\/td>\n<td>Andrej \u0160o\u0161tari\u0107<\/td>\n<td><em>AIR QUALITY MONITORING IN LOCAL MUNICIPALITIES-LEGAL POINT OF VIEW<\/em><\/td>\n<td><strong><em><a href=\"https:\/\/vidis-project.org\/index.php\/2024\/06\/22\/s07l01-andrej-sostaric-quality-monitoring-in-local-municipalities-legal-point-of-view\/\">video<\/a><\/em><\/strong><\/td>\n<td><strong><em><a href=\"https:\/\/www.vin.bg.ac.rs\/webiopatr\/2023\/wp-content\/uploads\/2023\/11\/WeBIOPATR2023_BookOfAbstracts.pdf#page=57\">pdf<\/a><\/em><\/strong><\/td>\n<\/tr>\n<tr>\n<td>2.<\/td>\n<td>Rok Novak<\/td>\n<td><em>PARTICULATE MATTER EXPOSURE AND DOSE IN URBAN ENVIRONMENTS: AN AGENT-BASED MODELING APPROACH<\/em><\/td>\n<td><strong><em><a href=\"https:\/\/vidis-project.org\/index.php\/2024\/06\/22\/s07l02-rok-novak-particulate-matter-exposure-and-dose-in-urban-environments-an-agent-based-model\/\">video<\/a><\/em><\/strong><\/td>\n<td><strong><em><a href=\"https:\/\/www.vin.bg.ac.rs\/webiopatr\/2023\/wp-content\/uploads\/2023\/11\/WeBIOPATR2023_BookOfAbstracts.pdf#page=58\">pdf<\/a><\/em><\/strong><\/td>\n<\/tr>\n<\/tbody>\n<\/table>\n<p>\u00a0<\/p>\n<table>\n<tbody>\n<tr>\n<td><strong>\u00a0<\/strong><\/td>\n<td colspan=\"2\"><strong><em>Session 8 : PM SOURCE APPORTIONMENT <\/em><\/strong>\n<p><strong><em>Chair: Renata Kova\u010devi\u0107, Marija \u017divkovi\u0107 <\/em><\/strong><\/p>\n<\/td>\n<td><strong><em>\u00a0<\/em><\/strong><\/td>\n<td><strong><em>\u00a0<\/em><\/strong><\/td>\n<\/tr>\n<tr>\n<td><strong>1.\u00a0\u00a0\u00a0\u00a0\u00a0\u00a0 <\/strong><strong>\u00a0<\/strong><\/td>\n<td><strong>Olivier Tasse<\/strong><\/td>\n<td><strong><em>SOURCES APPORTIONMENT OF PM2.5 USING DISPERSION MODEL EITHER RECEPTOR MODEL IN BOSNIA AND HERCEGOVINA DURING WINTERS TIME FROM 2020 TO 2022<\/em><\/td>\n<td><a href=\"#\"><strong><em>video<\/em><\/strong><\/a><\/td>\n<td><a href=\"https:\/\/www.vin.bg.ac.rs\/webiopatr\/2023\/wp-content\/uploads\/2023\/11\/WeBIOPATR2023_BookOfAbstracts.pdf#page=63\"><strong><em>pdf<\/em><\/strong><\/a><\/td>\n<\/tr>\n<tr>\n<td>2.<\/td>\n<td>Stephen M Platt<\/td>\n<td><em>SOURCE APPORTIONMENT OF BLACK CARBON IN OSLO (NORWAY) AND VINCA (SERBIA)<\/em><\/td>\n<td><a href=\"https:\/\/vidis-project.org\/index.php\/2024\/06\/22\/s08l02-stephen-matthew-platt-source-apportionment-of-black-carbon-in-oslo-and-belgrade\/\"><strong><em>video<\/em><\/strong><\/a><\/td>\n<td><a href=\"https:\/\/www.vin.bg.ac.rs\/webiopatr\/2023\/wp-content\/uploads\/2023\/11\/WeBIOPATR2023_BookOfAbstracts.pdf#page=64\"><strong><em>pdf<\/em><\/strong><\/a><\/td>\n<\/tr>\n<tr>\n<td>3.<\/td>\n<td>Kristina Glojek<\/td>\n<td><em>COMPARISON OF ONLINE AND OFFLINE PMF SOURCE APPORTIONMENT RESULTS IN A PREALPINE VALLEY WITH TRAFFIC, BIOMASS BURNING AND INDUSTRIAL SOURCES SITE<\/em><\/td>\n<td><a href=\"#\"><strong><em>video<\/em><\/strong><\/a><\/td>\n<td><a href=\"https:\/\/www.vin.bg.ac.rs\/webiopatr\/2023\/wp-content\/uploads\/2023\/11\/WeBIOPATR2023_BookOfAbstracts.pdf#page=65\"><strong><em>pdf<\/em><\/strong><\/a><\/td>\n<\/tr>\n<tr>\n<td>4.<\/td>\n<td>Dikaia Saraga<\/td>\n<td><em>PM2.5 SOURCE APPORTIONMENT AT A PORT\/INDUSTRIAL AREA OF ATTICA, GREECE<\/em><\/td>\n<td><a href=\"https:\/\/vidis-project.org\/index.php\/2024\/06\/22\/s08l04-dikaia-saraga-pm2-5-source-apportionment-at-a-port-industrial-area-of-attica-greece\/\"><strong><em>video<\/em><\/strong><\/a><\/td>\n<td><strong><em><a href=\"https:\/\/www.vin.bg.ac.rs\/webiopatr\/2023\/wp-content\/uploads\/2023\/11\/WeBIOPATR2023_BookOfAbstracts.pdf#page=66\">pdf<\/a><\/em><\/strong><\/td>\n<\/tr>\n<tr>\n<td>5.<\/td>\n<td>A. Kanisceva<\/td>\n<td><em>AIR QUALITY ASSESSMENT AND SOURCE APPORTIONMENT OF AEROSOLS IN LIEPAJA<\/em><\/td>\n<td><a href=\"#\"><strong><em>video<\/em><\/strong><\/a><\/td>\n<td><strong><em><a href=\"https:\/\/www.vin.bg.ac.rs\/webiopatr\/2023\/wp-content\/uploads\/2023\/11\/WeBIOPATR2023_BookOfAbstracts.pdf#page=67\">pdf<\/a><\/em><\/strong><\/td>\n<\/tr>\n<\/tbody>\n<\/table>\n<p>\u00a0<\/p>\n<table>\n<tbody>\n<tr>\n<td><strong>\u00a0<\/strong><\/td>\n<td colspan=\"2\"><strong><em>Session 9 : PM RESEARCH INFRASTRUCTURE AND PM SOURCES <\/em><\/strong>\n<p><strong><em>Chair: Alena Bartonova, Andrej \u0160o\u0161tari\u0107<\/em><\/strong><\/p>\n<\/td>\n<td><strong><em>\u00a0<\/em><\/strong><\/td>\n<td><strong><em>\u00a0<\/em><\/strong><\/td>\n<\/tr>\n<tr>\n<td><strong>1.<\/strong><strong>\u00a0<\/strong><\/td>\n<td><strong>Markus Fiebig<\/strong><\/td>\n<td><strong><em>AEROSOL, CLOUDS AND TRACE GASES RESEARCH INFRASTRUCTURE \u2013 ACTRIS THE EUROPEAN RESEARCH INFRASTRUCTURE SUPPORTING ATMOSPHERIC SCIENCE<\/em><\/strong><\/td>\n<td>\/<\/td>\n<td><a href=\"https:\/\/www.vin.bg.ac.rs\/webiopatr\/2023\/wp-content\/uploads\/2023\/11\/WeBIOPATR2023_BookOfAbstracts.pdf#page=71\"><strong><em>pdf<\/em><\/strong><\/a><\/td>\n<\/tr>\n<tr>\n<td>2.<\/td>\n<td>Sanja Frka<\/td>\n<td><em>SOURCES AND PROCESSES AFFECTING LEVELS AND COMPOSITION OF ATMOSPHERIC DEPOSITION TO THE ADRIATIC COASTAL AREAS AND BIOGEOCHEMICAL IMPLICATIONS<\/em><\/td>\n<td><a href=\"#\"><strong><em>video<\/em><\/strong><\/a><\/td>\n<td><a href=\"https:\/\/www.vin.bg.ac.rs\/webiopatr\/2023\/wp-content\/uploads\/2023\/11\/WeBIOPATR2023_BookOfAbstracts.pdf#page=72\"><strong><em>pdf<\/em><\/strong><\/a><\/td>\n<\/tr>\n<tr>\n<td>3.<\/td>\n<td>Mira Ani\u010di\u0107 Uro\u0161evi\u0107<\/td>\n<td><em>MOSS BAG BIOMONITORING OF AIRBORNE ELEMENTS IN URBAN BACKGROUND AMBIENT DURING SAHARAN DUST EPISODES: A PRELIMINARY STUDY<\/em><\/td>\n<td><a href=\"#\"><strong><em>video<\/em><\/strong><\/a><\/td>\n<td><a href=\"https:\/\/www.vin.bg.ac.rs\/webiopatr\/2023\/wp-content\/uploads\/2023\/11\/WeBIOPATR2023_BookOfAbstracts.pdf#page=73\"><strong><em>pdf<\/em><\/strong><\/a><\/td>\n<\/tr>\n<tr>\n<td>4.<\/td>\n<td>Renata Kova\u010devi\u0107<\/td>\n<td><em>AIR QUALITY IN BOR (SERBIA) DURING THE COPPER SMELTER RECONSTRUCTION PERIOD<\/em><\/td>\n<td><a href=\"#\"><strong><em>video<\/em><\/strong><\/a><\/td>\n<td><a href=\"https:\/\/www.vin.bg.ac.rs\/webiopatr\/2023\/wp-content\/uploads\/2023\/11\/WeBIOPATR2023_BookOfAbstracts.pdf#page=74\"><strong><em>pdf<\/em><\/strong><\/a><\/td>\n<\/tr>\n<tr>\n<td>5.<\/td>\n<td>Yi\u011fitalp Kara<\/td>\n<td><em>ANTALYA-MANAVGAT FOREST FIRES: A WRF-CHEM AND REMOTE SENSING ANALYSIS<\/em><\/td>\n<td><a href=\"#\"><strong><em>video<\/em><\/strong><\/a><\/td>\n<td><a href=\"https:\/\/www.vin.bg.ac.rs\/webiopatr\/2023\/wp-content\/uploads\/2023\/11\/WeBIOPATR2023_BookOfAbstracts.pdf#page=75\"><strong><em>pdf<\/em><\/strong><\/a><\/td>\n<\/tr>\n<\/tbody>\n<\/table>\n<p>\u00a0<\/p>\n<table>\n<tbody>\n<tr>\n<td><strong>\u00a0<\/strong><\/td>\n<td colspan=\"2\"><strong><em>Session 10: SOURCES AND FORMATION OF PARTICULATE MATTER<\/em><\/strong>\n<p><strong><em>Chairs: Kristina Goek, Ivan Lazovi\u0107<\/em><\/strong><\/p>\n<\/td>\n<td><strong><em>\u00a0<\/em><\/strong><\/td>\n<td><strong><em>\u00a0<\/em><\/strong><\/td>\n<\/tr>\n<tr>\n<td>1.<\/td>\n<td>Sanja Frka<\/td>\n<td><em>PHOTOCHEMISTRY OF PHYTOPLANKTON LIPIDS AT THE AIR-WATER INTERFACE AS A SOURCE OF VOLATILE ORGANIC COMPOUNDS INFLUENCING NEW PARTICLE FORMATION<\/em><\/td>\n<td>\/<\/td>\n<td><a href=\"https:\/\/www.vin.bg.ac.rs\/webiopatr\/2023\/wp-content\/uploads\/2023\/11\/WeBIOPATR2023_BookOfAbstracts.pdf#page=79\"><strong><em>pdf<\/em><\/strong><\/a><\/td>\n<\/tr>\n<tr>\n<td>2.<\/td>\n<td>\u017deljko \u0106irovi\u0107<\/td>\n<td><em>PRELIMINARY ANALYSIS OF DIURNAL AND SEASONAL VARIATION OF SUBMICRON AMBIENT PARTICLE SIZE DISTRIBUTION IN BELGRADE URBAN AREA<\/em><\/td>\n<td><a href=\"#\"><strong><em>video<\/em><\/strong><\/a><\/td>\n<td><a href=\"https:\/\/www.vin.bg.ac.rs\/webiopatr\/2023\/wp-content\/uploads\/2023\/11\/WeBIOPATR2023_BookOfAbstracts.pdf#page=80\"><strong><em>pdf<\/em><\/strong><\/a><\/td>\n<\/tr>\n<tr>\n<td>3.<\/td>\n<td>I. Steinberga <\/td>\n<td><em>QUANTITATIVE ASSESSMENT OF PARTICULATE MATTER POLLUTION SOURCES IN DIFFERENT SEASONS<\/em><\/td>\n<td><a href=\"#\"><strong><em>video<\/em><\/strong><\/a><\/td>\n<td><a href=\"https:\/\/www.vin.bg.ac.rs\/webiopatr\/2023\/wp-content\/uploads\/2023\/11\/WeBIOPATR2023_BookOfAbstracts.pdf#page=81\"><strong><em>pdf<\/em><\/strong><\/a><\/td>\n<\/tr>\n<tr>\n<td>4.<\/td>\n<td>Iustinian Gabriel Bejan<\/td>\n<td><em>SECONDARY ORGANIC AEROSOL FORMATION FROM CHEMICAL DEGRADATION OF AROMATIC COMPOUNDS IN URBAN ATMOSPHERE<\/em><\/td>\n<td><a href=\"#\"><strong><em>video<\/em><\/strong><\/a><\/td>\n<td><a href=\"https:\/\/www.vin.bg.ac.rs\/webiopatr\/2023\/wp-content\/uploads\/2023\/11\/WeBIOPATR2023_BookOfAbstracts.pdf#page=82\"><strong><em>pdf<\/em><\/strong><\/a><\/td>\n<\/tr>\n<tr>\n<td>5.<\/td>\n<td>Sebastian Schmitt<\/td>\n<td><em>HARMONIZATION OF UFP MEASUREMENTS: A NOVEL SOLUTION FOR FULL MICROPHYSICAL CHARACTERIZATION OF AEROSOLS<\/em><\/td>\n<td><a href=\"#\"><strong><em>video<\/em><\/strong><\/a><\/td>\n<td><a href=\"https:\/\/www.vin.bg.ac.rs\/webiopatr\/2023\/wp-content\/uploads\/2023\/11\/WeBIOPATR2023_BookOfAbstracts.pdf#page=83\"><strong><em>pdf<\/em><\/strong><\/a><\/td>\n<\/tr>\n<\/tbody>\n<\/table>\n<p>\u00a0<\/p>\n<table>\n<tbody>\n<tr>\n<td width=\"60\"><strong>\u00a0<\/strong><\/td>\n<td colspan=\"2\" width=\"486\"><strong><em>POSTER SESSION<\/em><\/strong>\n<p><strong><em>Chair: Milo\u0161 Davidovi\u0107, Simon Smith, Uzahir Ramadani, Sanja Frka, Bojan Radovi\u0107 <\/em><\/strong><\/p>\n<\/td>\n<td width=\"45\"><strong><em>\u00a0<\/em><\/strong><\/td>\n<td width=\"33\"><strong><em>\u00a0<\/em><\/strong><\/td>\n<\/tr>\n<tr>\n<td width=\"60\">1.<\/td>\n<td width=\"135\">N. Mi\u0161i\u0107<\/td>\n<td width=\"351\"><em>HEAT FLUX IMPACT ON LIVE PINUS NIGRA BRANCHES AND CHARACTERIZATION OF GASEOUS EMISSIONS<\/em><\/td>\n<td width=\"45\"><em><a href=\"#\">video<\/a><\/em><\/td>\n<td width=\"33\"><em><a href=\"https:\/\/www.vin.bg.ac.rs\/webiopatr\/2023\/wp-content\/uploads\/2023\/11\/WeBIOPATR2023_BookOfAbstracts.pdf#page=85\">pdf<\/a><\/em><\/td>\n<\/tr>\n<tr>\n<td width=\"60\">2.<\/td>\n<td width=\"135\">M. Kuzmanoski<\/td>\n<td width=\"351\"><em>THE USE OF AEROSOL LIDAR IN STUDY OF PM10 POLLUTION IN BELGRADE, SERBIA<\/em><\/td>\n<td width=\"45\"><em><a href=\"#\">video<\/a><\/em><\/td>\n<td width=\"33\"><em><a href=\"https:\/\/www.vin.bg.ac.rs\/webiopatr\/2023\/wp-content\/uploads\/2023\/11\/WeBIOPATR2023_BookOfAbstracts.pdf#page=86\">pdf<\/a><\/em><\/td>\n<\/tr>\n<tr>\n<td width=\"60\">3.<\/td>\n<td width=\"135\">Vi\u0161a Tasi\u0107<\/td>\n<td width=\"351\"><em>INDICATIVE MEASUREMENTS OF AIR QUALITY IN THE CITY OF BOR (SERBIA) BY USING LOW-COST SENSORS<\/em><\/td>\n<td width=\"45\"><em><a href=\"#\">video<\/a><\/em><\/td>\n<td width=\"33\"><em><a href=\"https:\/\/www.vin.bg.ac.rs\/webiopatr\/2023\/wp-content\/uploads\/2023\/11\/WeBIOPATR2023_BookOfAbstracts.pdf#page=87\">pdf<\/a><\/em><\/td>\n<\/tr>\n<tr>\n<td width=\"60\">4.<\/td>\n<td width=\"135\">F. Formisano<\/td>\n<td width=\"351\"><em>MULTISENSORY WEARABLE SENSOR NODE FOR SAFETY APPLICATIONS<\/em><\/td>\n<td width=\"45\"><em><a href=\"#\">video<\/a><\/em><\/td>\n<td width=\"33\"><em><a href=\"https:\/\/www.vin.bg.ac.rs\/webiopatr\/2023\/wp-content\/uploads\/2023\/11\/WeBIOPATR2023_BookOfAbstracts.pdf#page=88\">pdf<\/a><\/em><\/td>\n<\/tr>\n<tr>\n<td width=\"60\">5.<\/td>\n<td width=\"135\">S. Dmitra\u0161inovi\u0107<\/td>\n<td width=\"351\"><em>APPLICATION OF EUROPEAN PM2.5 LAND USE REGRESSION MODEL ON NOVI SAD MUNICIPALITY, SERBIA<\/em><\/td>\n<td width=\"45\"><em><a href=\"#\">video<\/a><\/em><\/td>\n<td width=\"33\"><em><a href=\"https:\/\/www.vin.bg.ac.rs\/webiopatr\/2023\/wp-content\/uploads\/2023\/11\/WeBIOPATR2023_BookOfAbstracts.pdf#page=89\">pdf<\/a><\/em><\/td>\n<\/tr>\n<tr>\n<td width=\"60\">6.<\/td>\n<td width=\"135\">O. Kalva<\/td>\n<td width=\"351\"><em>A COUPLED PARTICULATE MATTER (PM10, PM2.5) INDOOR MODEL BASED ON OUTDOOR MEASUREMENTS <\/em><\/td>\n<td width=\"45\"><em><a href=\"#\">video<\/a><\/em><\/td>\n<td width=\"33\"><em><a href=\"https:\/\/www.vin.bg.ac.rs\/webiopatr\/2023\/wp-content\/uploads\/2023\/11\/WeBIOPATR2023_BookOfAbstracts.pdf#page=90\">pdf<\/a><\/em><\/td>\n<\/tr>\n<tr>\n<td width=\"60\">7.<\/td>\n<td width=\"135\">A. Nunes<\/td>\n<td width=\"351\"><em>IMPACT PROJECT OVERVIEW: ROAD TRAFFIC AS A SOURCE OF ATMOSPHERIC\nMICROPLASTICS<\/em><\/td>\n<td width=\"45\"><em><a href=\"#\">video<\/a><\/em><\/td>\n<td width=\"33\"><em><a href=\"https:\/\/www.vin.bg.ac.rs\/webiopatr\/2023\/wp-content\/uploads\/2023\/11\/WeBIOPATR2023_BookOfAbstracts.pdf#page=91\">pdf<\/a><\/em><\/td>\n<\/tr>\n<tr>\n<td width=\"60\">8.<\/td>\n<td width=\"135\">C Correia<\/td>\n<td width=\"351\"><em>INFLUENCE OF RELATIVE HUMIDITY ON THE PERFORMANCE OF A PM LOW-COST\nSENSOR<\/em><\/td>\n<td width=\"45\"><em><a href=\"#\">video<\/a><\/em><\/td>\n<td width=\"33\"><em><a href=\"https:\/\/www.vin.bg.ac.rs\/webiopatr\/2023\/wp-content\/uploads\/2023\/11\/WeBIOPATR2023_BookOfAbstracts.pdf#page=92\">pdf<\/a><\/em><\/td>\n<\/tr>\n<tr>\n<td width=\"60\">9.<\/td>\n<td width=\"135\">A. Bo\u017eilov<\/td>\n<td width=\"351\"><em>COMPARATIVE ANALYSIS OF MEASUREMENTS OF SUSPENDED PARTICLES IN THE\nCITY OF NI\u0160 (SERBIA) DURING THE HEATING SEASON<\/em><\/td>\n<td width=\"45\"><em><a href=\"#\">video<\/a><\/em><\/td>\n<td width=\"33\"><em><a href=\"https:\/\/www.vin.bg.ac.rs\/webiopatr\/2023\/wp-content\/uploads\/2023\/11\/WeBIOPATR2023_BookOfAbstracts.pdf#page=93\">pdf<\/a><\/em><\/td>\n<\/tr>\n<tr>\n<td width=\"60\">10.<\/td>\n<td width=\"135\">B. Radovi\u0107<\/td>\n<td width=\"351\"><em>THE SEPARATION OF ARSENIC SPECIES IN PM SAMPLES BY USING DISPOSABLE\nCARTRIDGES<\/em><\/td>\n<td width=\"45\"><em><a href=\"#\">video<\/a><\/em><\/td>\n<td width=\"33\"><em><a href=\"https:\/\/www.vin.bg.ac.rs\/webiopatr\/2023\/wp-content\/uploads\/2023\/11\/WeBIOPATR2023_BookOfAbstracts.pdf#page=94\">pdf<\/a><\/em><\/td>\n<\/tr>\n<tr>\n<td width=\"60\">11.<\/td>\n<td width=\"135\">S. Smith<\/td>\n<td width=\"351\"><em>75TH ANNIVERSARY OF THE DONORA AIR POLLUTION INCIDENT WHICH\nINITIATED CLEAN AIR LEGISLATION IN THE USA<\/em><\/td>\n<td width=\"45\"><em><a href=\"#\">video<\/a><\/em><\/td>\n<td width=\"33\"><em><a href=\"https:\/\/www.vin.bg.ac.rs\/webiopatr\/2023\/wp-content\/uploads\/2023\/11\/WeBIOPATR2023_BookOfAbstracts.pdf#page=95\">pdf<\/a><\/em><\/td>\n<\/tr>\n<tr>\n<td width=\"60\">12.<\/td>\n<td width=\"135\">M. Peri\u0161i\u0107<\/td>\n<td width=\"351\"><em>THE IMPACT OF THE COVID-19 PANDEMIC ON PARTICULATE AIR POLLUTION IN\nTHE REPUBLIC OF SERBIA<\/em><\/td>\n<td width=\"45\"><em><a href=\"#\">video<\/a><\/em><\/td>\n<td width=\"33\"><em><a href=\"https:\/\/www.vin.bg.ac.rs\/webiopatr\/2023\/wp-content\/uploads\/2023\/11\/WeBIOPATR2023_BookOfAbstracts.pdf#page=96\">pdf<\/a><\/em><\/td>\n<\/tr>\n<tr>\n<td width=\"60\">13.<\/td>\n<td width=\"135\">M. Nikoli\u0107<\/td>\n<td width=\"351\"><em>ASSOCIATION BETWEEN AIR POLLUTION AND ATOPIC DERMATITIS IN NI\u0160, SERBIA<\/em><\/td>\n<td width=\"45\"><em><a href=\"#\">video<\/a><\/em><\/td>\n<td width=\"33\"><em><a href=\"https:\/\/www.vin.bg.ac.rs\/webiopatr\/2023\/wp-content\/uploads\/2023\/11\/WeBIOPATR2023_BookOfAbstracts.pdf#page=97\">pdf<\/a><\/em><\/td>\n<\/tr>\n<tr>\n<td width=\"60\">14.<\/td>\n<td width=\"135\">K. Radusin<\/td>\n<td width=\"351\"><em>HOW DID THE 2020 COVID-19 LOCKDOWN INFLUENCE PARTICULATE MATTER-\nBOUND PAH CONCENTRATIONS IN BELGRADE\u2019S ATMOSPHERE?<\/em><\/td>\n<td width=\"45\"><em><a href=\"#\">video<\/a><\/em><\/td>\n<td width=\"33\"><em><a href=\"https:\/\/www.vin.bg.ac.rs\/webiopatr\/2023\/wp-content\/uploads\/2023\/11\/WeBIOPATR2023_BookOfAbstracts.pdf#page=98\">pdf<\/a><\/em><\/td>\n<\/tr>\n<tr>\n<td width=\"60\">15.<\/td>\n<td width=\"135\">C. Vicente<\/td>\n<td width=\"351\"><em>AN EXPLORATORY STUDY FOR THE IMPLEMENTATION OF THE OXIDATIVE\nPOTENTIAL ASSESSMENT OF PARTICULATE MATTER IN PORTUGAL<\/em><\/td>\n<td width=\"45\"><em><a href=\"#\">video<\/a><\/em><\/td>\n<td width=\"33\"><em><a href=\"https:\/\/www.vin.bg.ac.rs\/webiopatr\/2023\/wp-content\/uploads\/2023\/11\/WeBIOPATR2023_BookOfAbstracts.pdf#page=99\">pdf<\/a><\/em><\/td>\n<\/tr>\n<\/tbody>\n<\/table>\n","protected":false},"excerpt":{"rendered":"<p>WeBIOPATR2023 Recordings Here you can find the recordings of keynote lectures, lectures and short poster presentations that were given at The 9th International WeBIOPATR WORKSHOP AND CONFERENCE, PARTICULATE MATTER: RESEARCH AND MANAGEMENT \u2013 WeBIOPATR2023, November 28th \u2013 December 1st, 2023. BELGRADE, SERBIA. Enjoy learning about the latest topics in air quality research and management! \u00a0 [&hellip;]<\/p>\n","protected":false},"author":1,"featured_media":0,"parent":0,"menu_order":0,"comment_status":"closed","ping_status":"closed","template":"","meta":{"footnotes":""},"class_list":["post-1355","page","type-page","status-publish","hentry","entry"],"_links":{"self":[{"href":"https:\/\/vidis-project.org\/index.php\/wp-json\/wp\/v2\/pages\/1355","targetHints":{"allow":["GET"]}}],"collection":[{"href":"https:\/\/vidis-project.org\/index.php\/wp-json\/wp\/v2\/pages"}],"about":[{"href":"https:\/\/vidis-project.org\/index.php\/wp-json\/wp\/v2\/types\/page"}],"author":[{"embeddable":true,"href":"https:\/\/vidis-project.org\/index.php\/wp-json\/wp\/v2\/users\/1"}],"replies":[{"embeddable":true,"href":"https:\/\/vidis-project.org\/index.php\/wp-json\/wp\/v2\/comments?post=1355"}],"version-history":[{"count":22,"href":"https:\/\/vidis-project.org\/index.php\/wp-json\/wp\/v2\/pages\/1355\/revisions"}],"predecessor-version":[{"id":1495,"href":"https:\/\/vidis-project.org\/index.php\/wp-json\/wp\/v2\/pages\/1355\/revisions\/1495"}],"wp:attachment":[{"href":"https:\/\/vidis-project.org\/index.php\/wp-json\/wp\/v2\/media?parent=1355"}],"curies":[{"name":"wp","href":"https:\/\/api.w.org\/{rel}","templated":true}]}}